{"id":416,"date":"2020-01-11T16:19:35","date_gmt":"2020-01-11T16:19:35","guid":{"rendered":"http:\/\/www.ipresv.sp.gov.br\/ipresv\/?page_id=416"},"modified":"2025-12-02T12:36:22","modified_gmt":"2025-12-02T12:36:22","slug":"editais","status":"publish","type":"page","link":"https:\/\/www.ipresv.sp.gov.br\/ipresv\/licitacoes\/editais\/","title":{"rendered":"Editais"},"content":{"rendered":"\t\t<div data-elementor-type=\"wp-post\" data-elementor-id=\"416\" class=\"elementor elementor-416\" data-elementor-post-type=\"page\">\n\t\t\t\t\t\t<section class=\"elementor-section elementor-top-section elementor-element elementor-element-185c4985 elementor-section-boxed elementor-section-height-default elementor-section-height-default\" data-id=\"185c4985\" data-element_type=\"section\" data-settings=\"{&quot;background_background&quot;:&quot;gradient&quot;}\">\n\t\t\t\t\t\t<div class=\"elementor-container elementor-column-gap-default\">\n\t\t\t\t\t<div class=\"elementor-column elementor-col-50 elementor-top-column elementor-element elementor-element-39613907\" data-id=\"39613907\" data-element_type=\"column\">\n\t\t\t<div class=\"elementor-widget-wrap elementor-element-populated\">\n\t\t\t\t\t\t<div class=\"elementor-element elementor-element-657b69cc elementor-widget__width-initial elementor-widget-mobile__width-auto elementor-widget elementor-widget-image\" data-id=\"657b69cc\" data-element_type=\"widget\" data-widget_type=\"image.default\">\n\t\t\t\t<div class=\"elementor-widget-container\">\n\t\t\t\t\t\t\t\t\t\t\t\t\t\t\t\t<a href=\"https:\/\/www.ipresv.sp.gov.br\/ipresv\/\">\n\t\t\t\t\t\t\t<img decoding=\"async\" width=\"153\" height=\"101\" src=\"https:\/\/www.ipresv.sp.gov.br\/ipresv\/wp-content\/uploads\/2021\/08\/logo.fw_-1-1-1.png\" class=\"attachment-large size-large wp-image-1990\" alt=\"\" sizes=\"100vw\" \/>\t\t\t\t\t\t\t\t<\/a>\n\t\t\t\t\t\t\t\t\t\t\t\t\t\t\t<\/div>\n\t\t\t\t<\/div>\n\t\t\t\t<div class=\"elementor-element elementor-element-583a99fe elementor-widget__width-initial elementor-widget elementor-widget-heading\" data-id=\"583a99fe\" data-element_type=\"widget\" data-widget_type=\"heading.default\">\n\t\t\t\t<div class=\"elementor-widget-container\">\n\t\t\t\t\t<h1 class=\"elementor-heading-title elementor-size-default\">Instituto de Previd\u00eancia dos Servidores Municipais de S\u00e3o Vicente<\/h1>\t\t\t\t<\/div>\n\t\t\t\t<\/div>\n\t\t\t\t\t<\/div>\n\t\t<\/div>\n\t\t\t\t<div class=\"elementor-column elementor-col-50 elementor-top-column elementor-element elementor-element-32f7f2af\" data-id=\"32f7f2af\" data-element_type=\"column\">\n\t\t\t<div class=\"elementor-widget-wrap elementor-element-populated\">\n\t\t\t\t\t\t<div class=\"elementor-element elementor-element-3b63354a e-grid-align-right elementor-widget__width-initial elementor-widget-mobile__width-auto e-grid-align-tablet-left elementor-shape-rounded elementor-grid-0 elementor-widget elementor-widget-social-icons\" data-id=\"3b63354a\" data-element_type=\"widget\" data-widget_type=\"social-icons.default\">\n\t\t\t\t<div class=\"elementor-widget-container\">\n\t\t\t\t\t\t\t<div class=\"elementor-social-icons-wrapper elementor-grid\">\n\t\t\t\t\t\t\t<span class=\"elementor-grid-item\">\n\t\t\t\t\t<a class=\"elementor-icon elementor-social-icon elementor-social-icon-whatsapp elementor-animation-pulse elementor-repeater-item-e069bdc\" href=\"https:\/\/api.whatsapp.com\/send?phone=5513997704866\" target=\"_blank\">\n\t\t\t\t\t\t<span class=\"elementor-screen-only\">Whatsapp<\/span>\n\t\t\t\t\t\t<i class=\"fab fa-whatsapp\"><\/i>\t\t\t\t\t<\/a>\n\t\t\t\t<\/span>\n\t\t\t\t\t\t\t<span class=\"elementor-grid-item\">\n\t\t\t\t\t<a class=\"elementor-icon elementor-social-icon elementor-social-icon-facebook-f elementor-animation-pulse elementor-repeater-item-9d2e83e\" href=\"https:\/\/www.facebook.com\/ipresv.sv.1\" target=\"_blank\">\n\t\t\t\t\t\t<span class=\"elementor-screen-only\">Facebook-f<\/span>\n\t\t\t\t\t\t<i class=\"fab fa-facebook-f\"><\/i>\t\t\t\t\t<\/a>\n\t\t\t\t<\/span>\n\t\t\t\t\t\t\t<span class=\"elementor-grid-item\">\n\t\t\t\t\t<a class=\"elementor-icon elementor-social-icon elementor-social-icon-twitter elementor-animation-pulse elementor-repeater-item-8fe760d\" href=\"https:\/\/twitter.com\/ipresvoficial\" target=\"_blank\">\n\t\t\t\t\t\t<span class=\"elementor-screen-only\">Twitter<\/span>\n\t\t\t\t\t\t<i class=\"fab fa-twitter\"><\/i>\t\t\t\t\t<\/a>\n\t\t\t\t<\/span>\n\t\t\t\t\t\t\t<span class=\"elementor-grid-item\">\n\t\t\t\t\t<a class=\"elementor-icon elementor-social-icon elementor-social-icon-youtube elementor-animation-pulse elementor-repeater-item-22b4651\" href=\"https:\/\/www.youtube.com\/channel\/UCEhl--C5XHupQq0PVzb2WnQ\" target=\"_blank\">\n\t\t\t\t\t\t<span class=\"elementor-screen-only\">Youtube<\/span>\n\t\t\t\t\t\t<i class=\"fab fa-youtube\"><\/i>\t\t\t\t\t<\/a>\n\t\t\t\t<\/span>\n\t\t\t\t\t\t\t<span class=\"elementor-grid-item\">\n\t\t\t\t\t<a class=\"elementor-icon elementor-social-icon elementor-social-icon-instagram elementor-animation-pulse elementor-repeater-item-b8af881\" href=\"https:\/\/www.instagram.com\/ipresvoficial\/?igshid=qh5kxppfx5sa\" target=\"_blank\">\n\t\t\t\t\t\t<span class=\"elementor-screen-only\">Instagram<\/span>\n\t\t\t\t\t\t<i class=\"fab fa-instagram\"><\/i>\t\t\t\t\t<\/a>\n\t\t\t\t<\/span>\n\t\t\t\t\t<\/div>\n\t\t\t\t\t\t<\/div>\n\t\t\t\t<\/div>\n\t\t\t\t\t<\/div>\n\t\t<\/div>\n\t\t\t\t\t<\/div>\n\t\t<\/section>\n\t\t\t\t<section class=\"elementor-section elementor-top-section elementor-element elementor-element-2e0a1515 elementor-section-boxed elementor-section-height-default elementor-section-height-default\" data-id=\"2e0a1515\" data-element_type=\"section\">\n\t\t\t\t\t\t<div class=\"elementor-container elementor-column-gap-default\">\n\t\t\t\t\t<div class=\"elementor-column elementor-col-100 elementor-top-column elementor-element elementor-element-2a52e631\" data-id=\"2a52e631\" data-element_type=\"column\">\n\t\t\t<div class=\"elementor-widget-wrap elementor-element-populated\">\n\t\t\t\t\t\t<div class=\"elementor-element elementor-element-799416d3 elementor-widget__width-auto elementor-widget-mobile__width-initial elementor-invisible elementor-widget elementor-widget-image\" data-id=\"799416d3\" data-element_type=\"widget\" data-settings=\"{&quot;_animation&quot;:&quot;bounceIn&quot;}\" data-widget_type=\"image.default\">\n\t\t\t\t<div class=\"elementor-widget-container\">\n\t\t\t\t\t\t\t\t\t\t\t\t\t\t\t\t<a href=\"https:\/\/www.ipresv.sp.gov.br\/ipresv\/certidoes\/certificado-progestao.pdf\" target=\"_blank\">\n\t\t\t\t\t\t\t<img decoding=\"async\" width=\"249\" height=\"73\" src=\"https:\/\/www.ipresv.sp.gov.br\/ipresv\/wp-content\/uploads\/2021\/08\/progestao.fw_-1-1.png\" class=\"attachment-large size-large wp-image-1991\" alt=\"\" sizes=\"100vw\" \/>\t\t\t\t\t\t\t\t<\/a>\n\t\t\t\t\t\t\t\t\t\t\t\t\t\t\t<\/div>\n\t\t\t\t<\/div>\n\t\t\t\t<div class=\"elementor-element elementor-element-16e3c380 elementor-widget-divider--view-line elementor-widget elementor-widget-divider\" data-id=\"16e3c380\" data-element_type=\"widget\" data-widget_type=\"divider.default\">\n\t\t\t\t<div class=\"elementor-widget-container\">\n\t\t\t\t\t\t\t<div class=\"elementor-divider\">\n\t\t\t<span class=\"elementor-divider-separator\">\n\t\t\t\t\t\t<\/span>\n\t\t<\/div>\n\t\t\t\t\t\t<\/div>\n\t\t\t\t<\/div>\n\t\t\t\t\t<\/div>\n\t\t<\/div>\n\t\t\t\t\t<\/div>\n\t\t<\/section>\n\t\t\t\t<section class=\"elementor-section elementor-top-section elementor-element elementor-element-26869772 elementor-section-boxed elementor-section-height-default elementor-section-height-default\" data-id=\"26869772\" data-element_type=\"section\">\n\t\t\t\t\t\t<div class=\"elementor-container elementor-column-gap-default\">\n\t\t\t\t\t<div class=\"elementor-column elementor-col-100 elementor-top-column elementor-element elementor-element-23c0e9f3\" data-id=\"23c0e9f3\" data-element_type=\"column\">\n\t\t\t<div class=\"elementor-widget-wrap elementor-element-populated\">\n\t\t\t\t\t\t<div class=\"elementor-element elementor-element-f78fac3 elementor-widget__width-auto elementor-hidden-phone elementor-hidden-tablet elementor-widget elementor-widget-image\" data-id=\"f78fac3\" data-element_type=\"widget\" data-widget_type=\"image.default\">\n\t\t\t\t<div class=\"elementor-widget-container\">\n\t\t\t\t\t\t\t\t\t\t\t\t\t\t\t<img decoding=\"async\" width=\"58\" height=\"57\" src=\"https:\/\/www.ipresv.sp.gov.br\/ipresv\/wp-content\/uploads\/2021\/08\/home.fw_-1-1-1-1.png\" class=\"attachment-thumbnail size-thumbnail wp-image-1992\" alt=\"\" sizes=\"100vw\" \/>\t\t\t\t\t\t\t\t\t\t\t\t\t\t\t<\/div>\n\t\t\t\t<\/div>\n\t\t\t\t<div class=\"elementor-element elementor-element-fe44104 elementor-widget__width-auto elementor-hidden-phone elementor-hidden-tablet elementor-widget elementor-widget-image\" data-id=\"fe44104\" data-element_type=\"widget\" data-widget_type=\"image.default\">\n\t\t\t\t<div class=\"elementor-widget-container\">\n\t\t\t\t\t\t\t\t\t\t\t\t\t\t\t<img loading=\"lazy\" decoding=\"async\" width=\"94\" height=\"62\" src=\"https:\/\/www.ipresv.sp.gov.br\/ipresv\/wp-content\/uploads\/2021\/08\/ipresv.fw_-1-1-1-1.png\" class=\"attachment-thumbnail size-thumbnail wp-image-1993\" alt=\"\" sizes=\"100vw\" \/>\t\t\t\t\t\t\t\t\t\t\t\t\t\t\t<\/div>\n\t\t\t\t<\/div>\n\t\t\t\t<div class=\"elementor-element elementor-element-5efbd98a elementor-widget__width-auto elementor-hidden-phone elementor-hidden-tablet elementor-widget elementor-widget-image\" data-id=\"5efbd98a\" data-element_type=\"widget\" data-widget_type=\"image.default\">\n\t\t\t\t<div class=\"elementor-widget-container\">\n\t\t\t\t\t\t\t\t\t\t\t\t\t\t\t<img loading=\"lazy\" decoding=\"async\" width=\"74\" height=\"59\" src=\"https:\/\/www.ipresv.sp.gov.br\/ipresv\/wp-content\/uploads\/2021\/08\/governanca.fw_-1-1-1-1.png\" class=\"attachment-thumbnail size-thumbnail wp-image-1994\" alt=\"\" sizes=\"100vw\" \/>\t\t\t\t\t\t\t\t\t\t\t\t\t\t\t<\/div>\n\t\t\t\t<\/div>\n\t\t\t\t<div class=\"elementor-element elementor-element-3aa91945 elementor-widget__width-initial elementor-hidden-phone elementor-hidden-tablet elementor-widget elementor-widget-image\" data-id=\"3aa91945\" data-element_type=\"widget\" data-widget_type=\"image.default\">\n\t\t\t\t<div class=\"elementor-widget-container\">\n\t\t\t\t\t\t\t\t\t\t\t\t\t\t\t<img loading=\"lazy\" decoding=\"async\" width=\"56\" height=\"63\" src=\"https:\/\/www.ipresv.sp.gov.br\/ipresv\/wp-content\/uploads\/2021\/08\/beneficios.fw_-1-1-1-1.png\" class=\"attachment-thumbnail size-thumbnail wp-image-1995\" alt=\"\" sizes=\"100vw\" \/>\t\t\t\t\t\t\t\t\t\t\t\t\t\t\t<\/div>\n\t\t\t\t<\/div>\n\t\t\t\t<div class=\"elementor-element elementor-element-7ab236f4 elementor-widget__width-initial elementor-hidden-phone elementor-hidden-tablet elementor-widget elementor-widget-image\" data-id=\"7ab236f4\" data-element_type=\"widget\" data-widget_type=\"image.default\">\n\t\t\t\t<div class=\"elementor-widget-container\">\n\t\t\t\t\t\t\t\t\t\t\t\t\t\t\t<img loading=\"lazy\" decoding=\"async\" width=\"46\" height=\"64\" src=\"https:\/\/www.ipresv.sp.gov.br\/ipresv\/wp-content\/uploads\/2021\/08\/investimentos.fw_-1-1-1-1.png\" class=\"attachment-thumbnail size-thumbnail wp-image-1996\" alt=\"\" sizes=\"100vw\" \/>\t\t\t\t\t\t\t\t\t\t\t\t\t\t\t<\/div>\n\t\t\t\t<\/div>\n\t\t\t\t<div class=\"elementor-element elementor-element-649f226 elementor-widget__width-initial elementor-hidden-phone elementor-hidden-tablet elementor-widget elementor-widget-image\" data-id=\"649f226\" data-element_type=\"widget\" data-widget_type=\"image.default\">\n\t\t\t\t<div class=\"elementor-widget-container\">\n\t\t\t\t\t\t\t\t\t\t\t\t\t\t\t<img loading=\"lazy\" decoding=\"async\" width=\"53\" height=\"65\" src=\"https:\/\/www.ipresv.sp.gov.br\/ipresv\/wp-content\/uploads\/2021\/08\/legislacao.fw_-1-1-1-1.png\" class=\"attachment-thumbnail size-thumbnail wp-image-1997\" alt=\"\" sizes=\"100vw\" \/>\t\t\t\t\t\t\t\t\t\t\t\t\t\t\t<\/div>\n\t\t\t\t<\/div>\n\t\t\t\t<div class=\"elementor-element elementor-element-2c2cb1a6 elementor-widget__width-initial elementor-hidden-phone elementor-hidden-tablet elementor-widget elementor-widget-image\" data-id=\"2c2cb1a6\" data-element_type=\"widget\" data-widget_type=\"image.default\">\n\t\t\t\t<div class=\"elementor-widget-container\">\n\t\t\t\t\t\t\t\t\t\t\t\t\t\t\t<img loading=\"lazy\" decoding=\"async\" width=\"53\" height=\"65\" src=\"https:\/\/www.ipresv.sp.gov.br\/ipresv\/wp-content\/uploads\/2021\/08\/licitacao.fw_-1-1-1-1.png\" class=\"attachment-thumbnail size-thumbnail wp-image-1998\" alt=\"\" sizes=\"100vw\" \/>\t\t\t\t\t\t\t\t\t\t\t\t\t\t\t<\/div>\n\t\t\t\t<\/div>\n\t\t\t\t<div class=\"elementor-element elementor-element-48800168 elementor-widget__width-initial elementor-hidden-phone elementor-hidden-tablet elementor-widget elementor-widget-image\" data-id=\"48800168\" data-element_type=\"widget\" data-widget_type=\"image.default\">\n\t\t\t\t<div class=\"elementor-widget-container\">\n\t\t\t\t\t\t\t\t\t\t\t\t\t\t\t<img loading=\"lazy\" decoding=\"async\" width=\"56\" height=\"65\" src=\"https:\/\/www.ipresv.sp.gov.br\/ipresv\/wp-content\/uploads\/2021\/08\/holerite.fw_-1-1-1.png\" class=\"attachment-thumbnail size-thumbnail wp-image-1999\" alt=\"\" sizes=\"100vw\" \/>\t\t\t\t\t\t\t\t\t\t\t\t\t\t\t<\/div>\n\t\t\t\t<\/div>\n\t\t\t\t<div class=\"elementor-element elementor-element-3151c47b elementor-hidden-desktop elementor-widget elementor-widget-heading\" data-id=\"3151c47b\" data-element_type=\"widget\" data-widget_type=\"heading.default\">\n\t\t\t\t<div class=\"elementor-widget-container\">\n\t\t\t\t\t<h2 class=\"elementor-heading-title elementor-size-default\">MENU<\/h2>\t\t\t\t<\/div>\n\t\t\t\t<\/div>\n\t\t\t\t<div class=\"elementor-element elementor-element-eaf5d0c elementor-widget-mobile__width-inherit elementor-nav-menu--dropdown-tablet elementor-nav-menu__text-align-aside elementor-nav-menu--toggle elementor-nav-menu--burger elementor-widget elementor-widget-nav-menu\" data-id=\"eaf5d0c\" data-element_type=\"widget\" data-settings=\"{&quot;layout&quot;:&quot;horizontal&quot;,&quot;submenu_icon&quot;:{&quot;value&quot;:&quot;&lt;i class=\\&quot;fas fa-caret-down\\&quot;&gt;&lt;\\\/i&gt;&quot;,&quot;library&quot;:&quot;fa-solid&quot;},&quot;toggle&quot;:&quot;burger&quot;}\" data-widget_type=\"nav-menu.default\">\n\t\t\t\t<div class=\"elementor-widget-container\">\n\t\t\t\t\t\t\t\t<nav aria-label=\"Menu\" class=\"elementor-nav-menu--main elementor-nav-menu__container elementor-nav-menu--layout-horizontal e--pointer-text e--animation-grow\">\n\t\t\t\t<ul id=\"menu-1-eaf5d0c\" class=\"elementor-nav-menu\"><li class=\"menu-item menu-item-type-post_type menu-item-object-page menu-item-home menu-item-1092\"><a href=\"https:\/\/www.ipresv.sp.gov.br\/ipresv\/\" class=\"elementor-item\">Home<\/a><\/li>\n<li class=\"menu-item menu-item-type-post_type menu-item-object-page menu-item-has-children menu-item-43\"><a href=\"#\" class=\"elementor-item elementor-item-anchor\">IPRESV<\/a>\n<ul class=\"sub-menu elementor-nav-menu--dropdown\">\n\t<li class=\"menu-item menu-item-type-post_type menu-item-object-page menu-item-227\"><a href=\"https:\/\/www.ipresv.sp.gov.br\/ipresv\/ipresv\/quem-somos\/\" class=\"elementor-sub-item\">Quem somos<\/a><\/li>\n\t<li class=\"menu-item menu-item-type-post_type menu-item-object-page menu-item-248\"><a href=\"https:\/\/www.ipresv.sp.gov.br\/ipresv\/ipresv\/superitendencia\/\" class=\"elementor-sub-item\">Superitend\u00eancia<\/a><\/li>\n\t<li class=\"menu-item menu-item-type-post_type menu-item-object-page menu-item-307\"><a href=\"https:\/\/www.ipresv.sp.gov.br\/ipresv\/ipresv\/estrutura-administrativa\/\" class=\"elementor-sub-item\">Estrutura Administrativa<\/a><\/li>\n\t<li class=\"menu-item menu-item-type-post_type menu-item-object-page menu-item-305\"><a href=\"https:\/\/www.ipresv.sp.gov.br\/ipresv\/ipresv\/codigo-de-etica\/\" class=\"elementor-sub-item\">C\u00f3digo de \u00c9tica<\/a><\/li>\n\t<li class=\"menu-item menu-item-type-post_type menu-item-object-page menu-item-1381\"><a href=\"https:\/\/www.ipresv.sp.gov.br\/ipresv\/ipresv\/politica-de-seguranca-da-informacao\/\" class=\"elementor-sub-item\">Pol\u00edtica de Seguran\u00e7a da Informa\u00e7\u00e3o<\/a><\/li>\n\t<li class=\"menu-item menu-item-type-post_type menu-item-object-page menu-item-2939\"><a href=\"https:\/\/www.ipresv.sp.gov.br\/ipresv\/ipresv\/concursopublico01-2022\/\" class=\"elementor-sub-item\">Concurso P\u00fablico 01\/2022<\/a><\/li>\n\t<li class=\"menu-item menu-item-type-post_type menu-item-object-page menu-item-304\"><a target=\"_blank\" href=\"https:\/\/webmail.ipresv.sp.gov.br\" class=\"elementor-sub-item\">Webmail<\/a><\/li>\n\t<li class=\"menu-item menu-item-type-post_type menu-item-object-page menu-item-1513\"><a href=\"https:\/\/www.ipresv.sp.gov.br\/ipresv\/ipresv\/cartilha-manual\/\" class=\"elementor-sub-item\">Cartilha\/Manual<\/a><\/li>\n\t<li class=\"menu-item menu-item-type-post_type menu-item-object-page menu-item-1514\"><a href=\"https:\/\/www.ipresv.sp.gov.br\/ipresv\/ipresv\/missao-visao-e-valores\/\" class=\"elementor-sub-item\">Miss\u00e3o, Vis\u00e3o e Valores<\/a><\/li>\n\t<li class=\"menu-item menu-item-type-post_type menu-item-object-page menu-item-1519\"><a href=\"https:\/\/www.ipresv.sp.gov.br\/ipresv\/ipresv\/relacao-de-bancos-para-consignado\/\" class=\"elementor-sub-item\">Rela\u00e7\u00e3o de Bancos para Consignado<\/a><\/li>\n\t<li class=\"menu-item menu-item-type-post_type menu-item-object-page menu-item-1570\"><a href=\"https:\/\/www.ipresv.sp.gov.br\/ipresv\/governanca\/acordaos-tribunal-de-contas-sp\/\" class=\"elementor-sub-item\">Ac\u00f3rd\u00e3os Tribunal de Contas SP<\/a><\/li>\n\t<li class=\"menu-item menu-item-type-post_type menu-item-object-page menu-item-5190\"><a href=\"https:\/\/www.ipresv.sp.gov.br\/ipresv\/ipresv\/avaliacao-ipresv\/\" class=\"elementor-sub-item\">Avalia\u00e7\u00f5es IPRESV<\/a><\/li>\n\t<li class=\"menu-item menu-item-type-post_type menu-item-object-page menu-item-5176\"><a href=\"https:\/\/cidades.sei.sp.gov.br\/baixadasantista\/sei\/controlador_externo.php?acao=documento_conferir&#038;acao_origem=documento_conferir&#038;lang=pt_BR&#038;id_orgao_acesso_externo=0\" class=\"elementor-sub-item elementor-item-anchor\">Verifica\u00e7\u00e3o de CTC<\/a><\/li>\n\t<li class=\"menu-item menu-item-type-post_type menu-item-object-page menu-item-1160\"><a href=\"https:\/\/www.ipresv.sp.gov.br\/ipresv\/fale-conosco\/\" class=\"elementor-sub-item\">Fale Conosco<\/a><\/li>\n\t<li class=\"menu-item menu-item-type-post_type menu-item-object-page menu-item-4042\"><a href=\"https:\/\/www.ipresv.sp.gov.br\/ipresv\/ouvidoria\/\" class=\"elementor-sub-item\">Ouvidoria<\/a><\/li>\n\t<li class=\"menu-item menu-item-type-post_type menu-item-object-page menu-item-5214\"><a href=\"https:\/\/www.ipresv.sp.gov.br\/ipresv\/ipresv\/censo-previdenciario\/\" class=\"elementor-sub-item\">Censo Previdenci\u00e1rio<\/a><\/li>\n<\/ul>\n<\/li>\n<li class=\"menu-item menu-item-type-post_type menu-item-object-page menu-item-has-children menu-item-42\"><a href=\"#\" class=\"elementor-item elementor-item-anchor\">Governan\u00e7a<\/a>\n<ul class=\"sub-menu elementor-nav-menu--dropdown\">\n\t<li class=\"menu-item menu-item-type-post_type menu-item-object-page menu-item-3788\"><a href=\"https:\/\/www.ipresv.sp.gov.br\/ipresv\/diretoria-executiva\/\" class=\"elementor-sub-item\">Diretoria Executiva<\/a><\/li>\n\t<li class=\"menu-item menu-item-type-post_type menu-item-object-page menu-item-has-children menu-item-316\"><a href=\"#\" class=\"elementor-sub-item elementor-item-anchor\">Conselho Administrativo<\/a>\n\t<ul class=\"sub-menu elementor-nav-menu--dropdown\">\n\t\t<li class=\"menu-item menu-item-type-post_type menu-item-object-page menu-item-1427\"><a href=\"https:\/\/www.ipresv.sp.gov.br\/ipresv\/governanca\/conselho-administrativo\/lei-complementar-n-o-384\/\" class=\"elementor-sub-item\">Legisla\u00e7\u00e3o<\/a><\/li>\n\t\t<li class=\"menu-item menu-item-type-post_type menu-item-object-page menu-item-1428\"><a href=\"https:\/\/www.ipresv.sp.gov.br\/ipresv\/governanca\/conselho-administrativo\/regimento-interno\/\" class=\"elementor-sub-item\">Regimento Interno<\/a><\/li>\n\t\t<li class=\"menu-item menu-item-type-post_type menu-item-object-page menu-item-1429\"><a href=\"https:\/\/www.ipresv.sp.gov.br\/ipresv\/governanca\/conselho-administrativo\/membros\/\" class=\"elementor-sub-item\">Membros<\/a><\/li>\n\t\t<li class=\"menu-item menu-item-type-post_type menu-item-object-page menu-item-1430\"><a href=\"https:\/\/www.ipresv.sp.gov.br\/ipresv\/governanca\/conselho-administrativo\/cronograma-das-reunioes\/\" class=\"elementor-sub-item\">Cronograma de Reuni\u00f5es<\/a><\/li>\n\t\t<li class=\"menu-item menu-item-type-post_type menu-item-object-page menu-item-325\"><a href=\"https:\/\/www.ipresv.sp.gov.br\/ipresv\/governanca\/conselho-administrativo\/atas\/\" class=\"elementor-sub-item\">Atas<\/a><\/li>\n\t<\/ul>\n<\/li>\n\t<li class=\"menu-item menu-item-type-post_type menu-item-object-page menu-item-has-children menu-item-315\"><a href=\"#\" class=\"elementor-sub-item elementor-item-anchor\">Conselho Fiscal<\/a>\n\t<ul class=\"sub-menu elementor-nav-menu--dropdown\">\n\t\t<li class=\"menu-item menu-item-type-post_type menu-item-object-page menu-item-1444\"><a href=\"https:\/\/www.ipresv.sp.gov.br\/ipresv\/governanca\/conselho-fiscal\/lei-complementar-n-o-384\/\" class=\"elementor-sub-item\">Legisla\u00e7\u00e3o<\/a><\/li>\n\t\t<li class=\"menu-item menu-item-type-post_type menu-item-object-page menu-item-1445\"><a href=\"https:\/\/www.ipresv.sp.gov.br\/ipresv\/governanca\/conselho-fiscal\/regimento-interno\/\" class=\"elementor-sub-item\">Regimento Interno<\/a><\/li>\n\t\t<li class=\"menu-item menu-item-type-post_type menu-item-object-page menu-item-1446\"><a href=\"https:\/\/www.ipresv.sp.gov.br\/ipresv\/governanca\/conselho-fiscal\/membros\/\" class=\"elementor-sub-item\">Membros<\/a><\/li>\n\t\t<li class=\"menu-item menu-item-type-post_type menu-item-object-page menu-item-1447\"><a href=\"https:\/\/www.ipresv.sp.gov.br\/ipresv\/governanca\/conselho-fiscal\/cronograma-de-reunioes\/\" class=\"elementor-sub-item\">Cronograma de Reuni\u00f5es<\/a><\/li>\n\t\t<li class=\"menu-item menu-item-type-post_type menu-item-object-page menu-item-1005\"><a href=\"https:\/\/www.ipresv.sp.gov.br\/ipresv\/governanca\/conselho-fiscal\/atas\/\" class=\"elementor-sub-item\">Atas<\/a><\/li>\n\t<\/ul>\n<\/li>\n\t<li class=\"menu-item menu-item-type-post_type menu-item-object-page menu-item-has-children menu-item-1254\"><a href=\"https:\/\/www.ipresv.sp.gov.br\/ipresv\/governanca\/controle-interno\/\" class=\"elementor-sub-item\">Controle Interno<\/a>\n\t<ul class=\"sub-menu elementor-nav-menu--dropdown\">\n\t\t<li class=\"menu-item menu-item-type-post_type menu-item-object-page menu-item-3893\"><a href=\"https:\/\/www.ipresv.sp.gov.br\/ipresv\/governanca\/controle-interno\/legislacao-2\/\" class=\"elementor-sub-item\">Legisla\u00e7\u00e3o<\/a><\/li>\n\t\t<li class=\"menu-item menu-item-type-post_type menu-item-object-page menu-item-3780\"><a href=\"https:\/\/www.ipresv.sp.gov.br\/ipresv\/controladora-interna\/\" class=\"elementor-sub-item\">Controladora Interna<\/a><\/li>\n\t\t<li class=\"menu-item menu-item-type-post_type menu-item-object-page menu-item-2437\"><a href=\"https:\/\/www.ipresv.sp.gov.br\/ipresv\/governanca\/controle-interno\/2021-2\/\" class=\"elementor-sub-item\">2021<\/a><\/li>\n\t\t<li class=\"menu-item menu-item-type-post_type menu-item-object-page menu-item-2811\"><a href=\"https:\/\/www.ipresv.sp.gov.br\/ipresv\/governanca\/controle-interno\/2022-2\/\" class=\"elementor-sub-item\">2022<\/a><\/li>\n\t\t<li class=\"menu-item menu-item-type-post_type menu-item-object-page menu-item-2853\"><a href=\"https:\/\/www.ipresv.sp.gov.br\/ipresv\/2023-2\/\" class=\"elementor-sub-item\">2023<\/a><\/li>\n\t\t<li class=\"menu-item menu-item-type-post_type menu-item-object-page menu-item-3350\"><a href=\"https:\/\/www.ipresv.sp.gov.br\/ipresv\/2024-2\/\" class=\"elementor-sub-item\">2024<\/a><\/li>\n\t\t<li class=\"menu-item menu-item-type-post_type menu-item-object-page menu-item-5077\"><a href=\"https:\/\/www.ipresv.sp.gov.br\/ipresv\/governanca\/controle-interno\/2025-2\/\" class=\"elementor-sub-item\">2025<\/a><\/li>\n\t<\/ul>\n<\/li>\n\t<li class=\"menu-item menu-item-type-post_type menu-item-object-page menu-item-3249\"><a href=\"https:\/\/www.ipresv.sp.gov.br\/ipresv\/governanca\/relatorios-governancas\/\" class=\"elementor-sub-item\">Relat\u00f3rios Governan\u00e7as<\/a><\/li>\n\t<li class=\"menu-item menu-item-type-post_type menu-item-object-page menu-item-246\"><a href=\"https:\/\/www.ipresv.sp.gov.br\/ipresv\/governanca\/certidoes\/\" class=\"elementor-sub-item\">Certid\u00f5es<\/a><\/li>\n\t<li class=\"menu-item menu-item-type-post_type menu-item-object-page menu-item-3355\"><a href=\"https:\/\/www.ipresv.sp.gov.br\/ipresv\/governanca\/pro-gestao\/\" class=\"elementor-sub-item\">Pr\u00f3-Gest\u00e3o<\/a><\/li>\n\t<li class=\"menu-item menu-item-type-post_type menu-item-object-page menu-item-247\"><a target=\"_blank\" href=\"https:\/\/www.ipresv.sp.gov.br\/downloads\/governanca\/13EmissaodeCertificado021225.pdf\" class=\"elementor-sub-item\">CRP<\/a><\/li>\n\t<li class=\"menu-item menu-item-type-post_type menu-item-object-page menu-item-has-children menu-item-3993\"><a href=\"https:\/\/www.ipresv.sp.gov.br\/ipresv\/esocial\/\" class=\"elementor-sub-item\">eSocial<\/a>\n\t<ul class=\"sub-menu elementor-nav-menu--dropdown\">\n\t\t<li class=\"menu-item menu-item-type-post_type menu-item-object-page menu-item-3996\"><a href=\"https:\/\/www.ipresv.sp.gov.br\/ipresv\/2024-3\/\" class=\"elementor-sub-item\">2024<\/a><\/li>\n\t\t<li class=\"menu-item menu-item-type-post_type menu-item-object-page menu-item-4014\"><a href=\"https:\/\/www.ipresv.sp.gov.br\/ipresv\/2025-3\/\" class=\"elementor-sub-item\">2025<\/a><\/li>\n\t<\/ul>\n<\/li>\n\t<li class=\"menu-item menu-item-type-post_type menu-item-object-page menu-item-3967\"><a href=\"https:\/\/www.ipresv.sp.gov.br\/ipresv\/governanca\/audiencia-publica\/\" class=\"elementor-sub-item\">Audi\u00eancia P\u00fablica<\/a><\/li>\n\t<li class=\"menu-item menu-item-type-post_type menu-item-object-page menu-item-3297\"><a href=\"https:\/\/www.ipresv.sp.gov.br\/ipresv\/avaliacao-do-passivo\/\" class=\"elementor-sub-item\">Avalia\u00e7\u00e3o do Passivo<\/a><\/li>\n\t<li class=\"menu-item menu-item-type-post_type menu-item-object-page menu-item-1614\"><a href=\"https:\/\/www.ipresv.sp.gov.br\/ipresv\/governanca\/planejamento-estrategico\/\" class=\"elementor-sub-item\">Planejamento Estrat\u00e9gico<\/a><\/li>\n\t<li class=\"menu-item menu-item-type-post_type menu-item-object-page menu-item-1502\"><a href=\"https:\/\/www.ipresv.sp.gov.br\/ipresv\/governanca\/plano-de-acao\/\" class=\"elementor-sub-item\">Plano de A\u00e7\u00e3o<\/a><\/li>\n\t<li class=\"menu-item menu-item-type-post_type menu-item-object-page menu-item-3988\"><a href=\"https:\/\/www.ipresv.sp.gov.br\/ipresv\/decreto-recadastramento\/\" class=\"elementor-sub-item\">Decreto Recadastramento<\/a><\/li>\n\t<li class=\"menu-item menu-item-type-post_type menu-item-object-page menu-item-4021\"><a href=\"https:\/\/www.ipresv.sp.gov.br\/ipresv\/calendario-de-pagamento\/\" class=\"elementor-sub-item\">Calend\u00e1rio de Pagamento<\/a><\/li>\n\t<li class=\"menu-item menu-item-type-post_type menu-item-object-page menu-item-4031\"><a href=\"https:\/\/www.ipresv.sp.gov.br\/ipresv\/capacitacao-de-pessoal\/\" class=\"elementor-sub-item\">Capacita\u00e7\u00e3o de Pessoal<\/a><\/li>\n<\/ul>\n<\/li>\n<li class=\"menu-item menu-item-type-post_type menu-item-object-page menu-item-has-children menu-item-69\"><a href=\"#\" class=\"elementor-item elementor-item-anchor\">Benef\u00edcios<\/a>\n<ul class=\"sub-menu elementor-nav-menu--dropdown\">\n\t<li class=\"menu-item menu-item-type-post_type menu-item-object-page menu-item-has-children menu-item-345\"><a href=\"#\" class=\"elementor-sub-item elementor-item-anchor\">Aposentadorias (tipos e crit\u00e9rios)<\/a>\n\t<ul class=\"sub-menu elementor-nav-menu--dropdown\">\n\t\t<li class=\"menu-item menu-item-type-post_type menu-item-object-page menu-item-360\"><a href=\"https:\/\/www.ipresv.sp.gov.br\/ipresv\/beneficios\/aposentadorias-tipos-e-criterios\/compulsoria\/\" class=\"elementor-sub-item\">Compuls\u00f3ria<\/a><\/li>\n\t\t<li class=\"menu-item menu-item-type-post_type menu-item-object-page menu-item-359\"><a href=\"https:\/\/www.ipresv.sp.gov.br\/ipresv\/beneficios\/aposentadorias-tipos-e-criterios\/especial-do-professor\/\" class=\"elementor-sub-item\">Especial do Professor<\/a><\/li>\n\t\t<li class=\"menu-item menu-item-type-post_type menu-item-object-page menu-item-358\"><a href=\"https:\/\/www.ipresv.sp.gov.br\/ipresv\/beneficios\/aposentadorias-tipos-e-criterios\/por-idade\/\" class=\"elementor-sub-item\">por idade<\/a><\/li>\n\t\t<li class=\"menu-item menu-item-type-post_type menu-item-object-page menu-item-357\"><a href=\"https:\/\/www.ipresv.sp.gov.br\/ipresv\/beneficios\/aposentadorias-tipos-e-criterios\/por-idade-e-tempo-de-contribuicao\/\" class=\"elementor-sub-item\">Por Idade e Tempo de Contribui\u00e7\u00e3o<\/a><\/li>\n\t\t<li class=\"menu-item menu-item-type-post_type menu-item-object-page menu-item-356\"><a href=\"https:\/\/www.ipresv.sp.gov.br\/ipresv\/beneficios\/aposentadorias-tipos-e-criterios\/por-invalidez\/\" class=\"elementor-sub-item\">Por Invalidez<\/a><\/li>\n\t<\/ul>\n<\/li>\n\t<li class=\"menu-item menu-item-type-post_type menu-item-object-page menu-item-344\"><a href=\"https:\/\/www.ipresv.sp.gov.br\/ipresv\/beneficios\/pensao-por-morte\/\" class=\"elementor-sub-item\">Pens\u00e3o por Morte<\/a><\/li>\n\t<li class=\"menu-item menu-item-type-post_type menu-item-object-page menu-item-343\"><a href=\"https:\/\/www.ipresv.sp.gov.br\/ipresv\/beneficios\/abono-de-permanencia\/\" class=\"elementor-sub-item\">Abono de Perman\u00eancia<\/a><\/li>\n\t<li class=\"menu-item menu-item-type-post_type menu-item-object-page menu-item-342\"><a href=\"https:\/\/www.ipresv.sp.gov.br\/ipresv\/beneficios\/recadastramento\/\" class=\"elementor-sub-item\">Recadastramento<\/a><\/li>\n\t<li class=\"menu-item menu-item-type-post_type menu-item-object-page menu-item-has-children menu-item-341\"><a href=\"#\" class=\"elementor-sub-item elementor-item-anchor\">Benef\u00edcios Concedidos<\/a>\n\t<ul class=\"sub-menu elementor-nav-menu--dropdown\">\n\t\t<li class=\"menu-item menu-item-type-post_type menu-item-object-page menu-item-363\"><a href=\"https:\/\/www.ipresv.sp.gov.br\/ipresv\/beneficios\/beneficios-concedidos\/2019-2\/\" class=\"elementor-sub-item\">2019<\/a><\/li>\n\t\t<li class=\"menu-item menu-item-type-post_type menu-item-object-page menu-item-1314\"><a href=\"https:\/\/www.ipresv.sp.gov.br\/ipresv\/beneficios\/beneficios-concedidos\/2020-2\/\" class=\"elementor-sub-item\">2020<\/a><\/li>\n\t\t<li class=\"menu-item menu-item-type-post_type menu-item-object-page menu-item-1414\"><a href=\"https:\/\/www.ipresv.sp.gov.br\/ipresv\/beneficios\/beneficios-concedidos\/2021-2\/\" class=\"elementor-sub-item\">2021<\/a><\/li>\n\t\t<li class=\"menu-item menu-item-type-post_type menu-item-object-page menu-item-2295\"><a href=\"https:\/\/www.ipresv.sp.gov.br\/ipresv\/beneficios\/beneficios-concedidos\/2022-2\/\" class=\"elementor-sub-item\">2022<\/a><\/li>\n\t\t<li class=\"menu-item menu-item-type-post_type menu-item-object-page menu-item-2715\"><a href=\"https:\/\/www.ipresv.sp.gov.br\/ipresv\/beneficios\/beneficios-concedidos\/2023-benef\/\" class=\"elementor-sub-item\">2023<\/a><\/li>\n\t\t<li class=\"menu-item menu-item-type-post_type menu-item-object-page menu-item-3043\"><a href=\"https:\/\/www.ipresv.sp.gov.br\/ipresv\/beneficios\/2024-2\/\" class=\"elementor-sub-item\">2024<\/a><\/li>\n\t\t<li class=\"menu-item menu-item-type-post_type menu-item-object-page menu-item-3702\"><a href=\"https:\/\/www.ipresv.sp.gov.br\/ipresv\/beneficios\/beneficios-concedidos\/2025-2\/\" class=\"elementor-sub-item\">2025<\/a><\/li>\n\t\t<li class=\"menu-item menu-item-type-post_type menu-item-object-page menu-item-4887\"><a href=\"https:\/\/www.ipresv.sp.gov.br\/ipresv\/beneficios\/beneficios-concedidos\/2025-2\/\" class=\"elementor-sub-item\">2026<\/a><\/li>\n\t<\/ul>\n<\/li>\n<\/ul>\n<\/li>\n<li class=\"menu-item menu-item-type-post_type menu-item-object-page menu-item-has-children menu-item-70\"><a href=\"#\" class=\"elementor-item elementor-item-anchor\">Investimentos<\/a>\n<ul class=\"sub-menu elementor-nav-menu--dropdown\">\n\t<li class=\"menu-item menu-item-type-post_type menu-item-object-page menu-item-244\"><a href=\"https:\/\/www.ipresv.sp.gov.br\/ipresv\/investimentos\/politicas-de-investimento\/\" class=\"elementor-sub-item\">Pol\u00edtica de Investimentos<\/a><\/li>\n\t<li class=\"menu-item menu-item-type-post_type menu-item-object-page menu-item-3831\"><a href=\"https:\/\/www.ipresv.sp.gov.br\/ipresv\/manual-de-investimentos\/\" class=\"elementor-sub-item\">Manual de Investimentos<\/a><\/li>\n\t<li class=\"menu-item menu-item-type-post_type menu-item-object-page menu-item-has-children menu-item-2701\"><a href=\"https:\/\/www.ipresv.sp.gov.br\/ipresv\/investimentos\/relatorios-mensais-investimentos\/\" class=\"elementor-sub-item\">Relat\u00f3rios Mensais Investimentos<\/a>\n\t<ul class=\"sub-menu elementor-nav-menu--dropdown\">\n\t\t<li class=\"menu-item menu-item-type-post_type menu-item-object-page menu-item-2364\"><a href=\"https:\/\/www.ipresv.sp.gov.br\/ipresv\/2021-2\/\" class=\"elementor-sub-item\">2021<\/a><\/li>\n\t\t<li class=\"menu-item menu-item-type-post_type menu-item-object-page menu-item-2460\"><a href=\"https:\/\/www.ipresv.sp.gov.br\/ipresv\/investimentos\/comite-de-investimentos\/relatorios-trimestrais\/2022-4\/\" class=\"elementor-sub-item\">2022<\/a><\/li>\n\t\t<li class=\"menu-item menu-item-type-post_type menu-item-object-page menu-item-2705\"><a href=\"https:\/\/www.ipresv.sp.gov.br\/ipresv\/investimentos\/relatorios-mensais-investimentos\/2023-2\/\" class=\"elementor-sub-item\">2023<\/a><\/li>\n\t\t<li class=\"menu-item menu-item-type-post_type menu-item-object-page menu-item-3088\"><a href=\"https:\/\/www.ipresv.sp.gov.br\/ipresv\/investimentos\/relatorios-mensais-investimentos\/2024-2\/\" class=\"elementor-sub-item\">2024<\/a><\/li>\n\t\t<li class=\"menu-item menu-item-type-post_type menu-item-object-page menu-item-3984\"><a href=\"https:\/\/www.ipresv.sp.gov.br\/ipresv\/2025-2\/\" class=\"elementor-sub-item\">2025<\/a><\/li>\n\t\t<li class=\"menu-item menu-item-type-post_type menu-item-object-page menu-item-5405\"><a href=\"https:\/\/www.ipresv.sp.gov.br\/ipresv\/investimentos\/relatorios-mensais-investimentos\/2026i\/\" class=\"elementor-sub-item\">2026<\/a><\/li>\n\t<\/ul>\n<\/li>\n\t<li class=\"menu-item menu-item-type-post_type menu-item-object-page menu-item-has-children menu-item-382\"><a href=\"#\" class=\"elementor-sub-item elementor-item-anchor\">Investimentos<\/a>\n\t<ul class=\"sub-menu elementor-nav-menu--dropdown\">\n\t\t<li class=\"menu-item menu-item-type-post_type menu-item-object-page menu-item-has-children menu-item-393\"><a href=\"#\" class=\"elementor-sub-item elementor-item-anchor\">Posi\u00e7\u00e3o dos Investimentos\/Gest\u00e3o de Riscos<\/a>\n\t\t<ul class=\"sub-menu elementor-nav-menu--dropdown\">\n\t\t\t<li class=\"menu-item menu-item-type-post_type menu-item-object-page menu-item-408\"><a href=\"https:\/\/www.ipresv.sp.gov.br\/ipresv\/investimentos\/investimentos\/posicao-dos-investimentos\/2015-2\/\" class=\"elementor-sub-item\">2015<\/a><\/li>\n\t\t\t<li class=\"menu-item menu-item-type-post_type menu-item-object-page menu-item-407\"><a href=\"https:\/\/www.ipresv.sp.gov.br\/ipresv\/investimentos\/investimentos\/posicao-dos-investimentos\/2016-2\/\" class=\"elementor-sub-item\">2016<\/a><\/li>\n\t\t\t<li class=\"menu-item menu-item-type-post_type menu-item-object-page menu-item-406\"><a href=\"https:\/\/www.ipresv.sp.gov.br\/ipresv\/investimentos\/investimentos\/posicao-dos-investimentos\/2017-2\/\" class=\"elementor-sub-item\">2017<\/a><\/li>\n\t\t\t<li class=\"menu-item menu-item-type-post_type menu-item-object-page menu-item-405\"><a href=\"https:\/\/www.ipresv.sp.gov.br\/ipresv\/investimentos\/investimentos\/posicao-dos-investimentos\/2018-2\/\" class=\"elementor-sub-item\">2018<\/a><\/li>\n\t\t\t<li class=\"menu-item menu-item-type-post_type menu-item-object-page menu-item-404\"><a href=\"https:\/\/www.ipresv.sp.gov.br\/ipresv\/investimentos\/investimentos\/posicao-dos-investimentos\/2019-2\/\" class=\"elementor-sub-item\">2019<\/a><\/li>\n\t\t\t<li class=\"menu-item menu-item-type-post_type menu-item-object-page menu-item-1222\"><a href=\"https:\/\/www.ipresv.sp.gov.br\/ipresv\/investimentos\/investimentos\/posicao-dos-investimentos\/2020-2\/\" class=\"elementor-sub-item\">2020<\/a><\/li>\n\t\t\t<li class=\"menu-item menu-item-type-post_type menu-item-object-page menu-item-1556\"><a href=\"https:\/\/www.ipresv.sp.gov.br\/ipresv\/investimentos\/investimentos\/posicao-dos-investimentos\/2021-2\/\" class=\"elementor-sub-item\">2021<\/a><\/li>\n\t\t\t<li class=\"menu-item menu-item-type-post_type menu-item-object-page menu-item-2304\"><a href=\"https:\/\/www.ipresv.sp.gov.br\/ipresv\/investimentos\/investimentos\/posicao-dos-investimentos\/2022-3\/\" class=\"elementor-sub-item\">2022<\/a><\/li>\n\t\t\t<li class=\"menu-item menu-item-type-post_type menu-item-object-page menu-item-2664\"><a href=\"https:\/\/www.ipresv.sp.gov.br\/ipresv\/investimentos\/investimentos\/posicao-dos-investimentos\/2023-2\/\" class=\"elementor-sub-item\">2023<\/a><\/li>\n\t\t\t<li class=\"menu-item menu-item-type-post_type menu-item-object-page menu-item-3071\"><a href=\"https:\/\/www.ipresv.sp.gov.br\/ipresv\/investimentos\/investimentos\/posicao-dos-investimentos\/2024-2\/\" class=\"elementor-sub-item\">2024<\/a><\/li>\n\t\t\t<li class=\"menu-item menu-item-type-post_type menu-item-object-page menu-item-3747\"><a href=\"https:\/\/www.ipresv.sp.gov.br\/ipresv\/investimentos\/investimentos\/posicao-dos-investimentos\/2025-2\/\" class=\"elementor-sub-item\">2025<\/a><\/li>\n\t\t\t<li class=\"menu-item menu-item-type-post_type menu-item-object-page menu-item-5397\"><a href=\"https:\/\/www.ipresv.sp.gov.br\/ipresv\/investimentos\/investimentos\/posicao-dos-investimentos\/2026-10\/\" class=\"elementor-sub-item\">2026<\/a><\/li>\n\t\t<\/ul>\n<\/li>\n\t\t<li class=\"menu-item menu-item-type-post_type menu-item-object-page menu-item-391\"><a href=\"https:\/\/www.ipresv.sp.gov.br\/ipresv\/investimentos\/investimentos\/base-legal\/\" class=\"elementor-sub-item\">Base Legal<\/a><\/li>\n\t<\/ul>\n<\/li>\n\t<li class=\"menu-item menu-item-type-post_type menu-item-object-page menu-item-381\"><a href=\"https:\/\/www.ipresv.sp.gov.br\/ipresv\/investimentos\/instituicoes-credenciadas\/\" class=\"elementor-sub-item\">Institui\u00e7\u00f5es Credenciadas\/Credenciamento<\/a><\/li>\n\t<li class=\"menu-item menu-item-type-post_type menu-item-object-page menu-item-has-children menu-item-380\"><a href=\"https:\/\/www.ipresv.sp.gov.br\/ipresv\/investimentos\/comite-de-investimentos\/\" class=\"elementor-sub-item\">Comit\u00ea de Investimentos<\/a>\n\t<ul class=\"sub-menu elementor-nav-menu--dropdown\">\n\t\t<li class=\"menu-item menu-item-type-post_type menu-item-object-page menu-item-4811\"><a href=\"https:\/\/www.ipresv.sp.gov.br\/ipresv\/investimentos\/comite-de-investimentos\/\" class=\"elementor-sub-item\">Regimento<\/a><\/li>\n\t\t<li class=\"menu-item menu-item-type-post_type menu-item-object-page menu-item-3740\"><a href=\"https:\/\/www.ipresv.sp.gov.br\/ipresv\/investimentos\/comite-de-investimentos\/legislacao-2\/\" class=\"elementor-sub-item\">Legisla\u00e7\u00e3o<\/a><\/li>\n\t\t<li class=\"menu-item menu-item-type-post_type menu-item-object-page menu-item-1540\"><a href=\"https:\/\/www.ipresv.sp.gov.br\/ipresv\/investimentos\/comite-de-investimentos\/membros\/\" class=\"elementor-sub-item\">Membros<\/a><\/li>\n\t\t<li class=\"menu-item menu-item-type-post_type menu-item-object-page menu-item-379\"><a href=\"https:\/\/www.ipresv.sp.gov.br\/ipresv\/investimentos\/cronograma-de-reunioes\/\" class=\"elementor-sub-item\">Cronograma de Reuni\u00f5es<\/a><\/li>\n\t\t<li class=\"menu-item menu-item-type-post_type menu-item-object-page menu-item-1564\"><a href=\"https:\/\/www.ipresv.sp.gov.br\/ipresv\/investimentos\/comite-de-investimentos\/atas\/\" class=\"elementor-sub-item\">Atas\/Relat\u00f3rios Trimestrais<\/a><\/li>\n\t<\/ul>\n<\/li>\n\t<li class=\"menu-item menu-item-type-post_type menu-item-object-page menu-item-has-children menu-item-378\"><a href=\"https:\/\/www.ipresv.sp.gov.br\/ipresv\/investimentos\/balancetes-analiticos\/\" class=\"elementor-sub-item\">Balancetes Anal\u00edticos<\/a>\n\t<ul class=\"sub-menu elementor-nav-menu--dropdown\">\n\t\t<li class=\"menu-item menu-item-type-post_type menu-item-object-page menu-item-3925\"><a href=\"https:\/\/www.ipresv.sp.gov.br\/ipresv\/investimentos\/balancetes-analiticos\/2025-2\/\" class=\"elementor-sub-item\">2025<\/a><\/li>\n\t\t<li class=\"menu-item menu-item-type-post_type menu-item-object-page menu-item-3903\"><a href=\"https:\/\/www.ipresv.sp.gov.br\/ipresv\/investimentos\/balancetes-analiticos\/2024-3\/\" class=\"elementor-sub-item\">2024<\/a><\/li>\n\t\t<li class=\"menu-item menu-item-type-post_type menu-item-object-page menu-item-3911\"><a href=\"https:\/\/www.ipresv.sp.gov.br\/ipresv\/investimentos\/balancetes-analiticos\/2023-3\/\" class=\"elementor-sub-item\">2023<\/a><\/li>\n\t\t<li class=\"menu-item menu-item-type-post_type menu-item-object-page menu-item-3918\"><a href=\"https:\/\/www.ipresv.sp.gov.br\/ipresv\/investimentos\/balancetes-analiticos\/2013-a-2022\/\" class=\"elementor-sub-item\">2013 A 2022<\/a><\/li>\n\t<\/ul>\n<\/li>\n\t<li class=\"menu-item menu-item-type-post_type menu-item-object-page menu-item-377\"><a href=\"https:\/\/www.ipresv.sp.gov.br\/ipresv\/investimentos\/avaliacao-atuarial\/\" class=\"elementor-sub-item\">Avalia\u00e7\u00e3o Atuarial<\/a><\/li>\n\t<li class=\"menu-item menu-item-type-post_type menu-item-object-page menu-item-3499\"><a href=\"https:\/\/www.ipresv.sp.gov.br\/ipresv\/investimentos\/estudo-de-alm\/\" class=\"elementor-sub-item\">ESTUDO DE ALM<\/a><\/li>\n\t<li class=\"menu-item menu-item-type-post_type menu-item-object-page menu-item-1264\"><a target=\"_blank\" href=\"https:\/\/cadprev.previdencia.gov.br\/Cadprev\/pages\/publico\/demonstrativoPrevidenciario\/pesquisarEnteDemonstrativoPrevidenciario.xhtml\" class=\"elementor-sub-item\">CadPREV<\/a><\/li>\n\t<li class=\"menu-item menu-item-type-post_type menu-item-object-page menu-item-has-children menu-item-4894\"><a href=\"https:\/\/www.ipresv.sp.gov.br\/ipresv\/investimentos\/diligencias\/\" class=\"elementor-sub-item\">Dilig\u00eancias<\/a>\n\t<ul class=\"sub-menu elementor-nav-menu--dropdown\">\n\t\t<li class=\"menu-item menu-item-type-post_type menu-item-object-page menu-item-4899\"><a href=\"https:\/\/www.ipresv.sp.gov.br\/ipresv\/investimentos\/diligencias\/instituicoes\/\" class=\"elementor-sub-item\">Institui\u00e7\u00f5es<\/a><\/li>\n\t\t<li class=\"menu-item menu-item-type-post_type menu-item-object-page menu-item-4902\"><a href=\"https:\/\/www.ipresv.sp.gov.br\/ipresv\/investimentos\/diligencias\/fundos\/\" class=\"elementor-sub-item\">Fundos<\/a><\/li>\n\t<\/ul>\n<\/li>\n\t<li class=\"menu-item menu-item-type-post_type menu-item-object-page menu-item-5017\"><a href=\"https:\/\/www.ipresv.sp.gov.br\/ipresv\/investimentos\/investimentos\/meta-atuarial\/\" class=\"elementor-sub-item\">Meta Atuarial<\/a><\/li>\n\t<li class=\"menu-item menu-item-type-post_type menu-item-object-page menu-item-5059\"><a href=\"https:\/\/www.ipresv.sp.gov.br\/ipresv\/investimentos\/envio-dair\/\" class=\"elementor-sub-item\">Envio DAIR<\/a><\/li>\n<\/ul>\n<\/li>\n<li class=\"menu-item menu-item-type-post_type menu-item-object-page menu-item-has-children menu-item-71\"><a href=\"#\" class=\"elementor-item elementor-item-anchor\">Legisla\u00e7\u00e3o<\/a>\n<ul class=\"sub-menu elementor-nav-menu--dropdown\">\n\t<li class=\"menu-item menu-item-type-post_type menu-item-object-page menu-item-243\"><a href=\"https:\/\/www.ipresv.sp.gov.br\/ipresv\/legislacao\/consolidacao-rpps\/\" class=\"elementor-sub-item\">Consolida\u00e7\u00e3o RPPS<\/a><\/li>\n\t<li class=\"menu-item menu-item-type-post_type menu-item-object-page menu-item-429\"><a href=\"https:\/\/www.ipresv.sp.gov.br\/ipresv\/legislacao\/leis-ipresv\/\" class=\"elementor-sub-item\">Leis IPRESV<\/a><\/li>\n\t<li class=\"menu-item menu-item-type-post_type menu-item-object-page menu-item-428\"><a href=\"https:\/\/www.ipresv.sp.gov.br\/ipresv\/legislacao\/decretos\/\" class=\"elementor-sub-item\">Decretos<\/a><\/li>\n\t<li class=\"menu-item menu-item-type-post_type menu-item-object-page menu-item-5241\"><a href=\"https:\/\/www.ipresv.sp.gov.br\/downloads\/legislacao\/LegislacaoSEI.pdf\" class=\"elementor-sub-item\">Legisla\u00e7\u00e3o Processo Eletr\u00f4nico<\/a><\/li>\n<\/ul>\n<\/li>\n<li class=\"menu-item menu-item-type-post_type menu-item-object-page menu-item-has-children menu-item-72\"><a href=\"#\" class=\"elementor-item elementor-item-anchor\">Licita\u00e7\u00f5es<\/a>\n<ul class=\"sub-menu elementor-nav-menu--dropdown\">\n\t<li class=\"menu-item menu-item-type-post_type menu-item-object-page menu-item-3723\"><a href=\"https:\/\/www.ipresv.sp.gov.br\/ipresv\/licitacoes\/pca\/\" class=\"elementor-sub-item\">PCA<\/a><\/li>\n\t<li class=\"menu-item menu-item-type-post_type menu-item-object-page menu-item-242\"><a href=\"https:\/\/www.ipresv.sp.gov.br\/ipresv\/licitacoes\/comissao-de-licitacao\/\" class=\"elementor-sub-item\">Comiss\u00e3o de Contrata\u00e7\u00e3o<\/a><\/li>\n\t<li class=\"menu-item menu-item-type-post_type menu-item-object-page menu-item-423\"><a href=\"https:\/\/www.ipresv.sp.gov.br\/ipresv\/licitacoes\/contratos-vigentes\/\" class=\"elementor-sub-item\">Contratos Vigentes<\/a><\/li>\n\t<li class=\"menu-item menu-item-type-post_type menu-item-object-page menu-item-420\"><a href=\"https:\/\/www.ipresv.sp.gov.br\/ipresv\/licitacoes\/compras-diretas\/\" class=\"elementor-sub-item\">Dispensa de Licita\u00e7\u00e3o<\/a><\/li>\n\t<li class=\"menu-item menu-item-type-post_type menu-item-object-page menu-item-419\"><a href=\"https:\/\/www.ipresv.sp.gov.br\/ipresv\/licitacoes\/editais\/\" class=\"elementor-sub-item\">Inexigibilidade<\/a><\/li>\n<\/ul>\n<\/li>\n<li class=\"menu-item menu-item-type-post_type menu-item-object-page menu-item-553\"><a target=\"_blank\" href=\"https:\/\/online.saovicente.sp.gov.br\/ipsaovicente\/websis\/siapegov\/recursos_humanos\/grh\/grh_rh_online.php\" class=\"elementor-item\">Holerite<\/a><\/li>\n<\/ul>\t\t\t<\/nav>\n\t\t\t\t\t<div class=\"elementor-menu-toggle\" role=\"button\" tabindex=\"0\" aria-label=\"Menu Toggle\" aria-expanded=\"false\">\n\t\t\t<i aria-hidden=\"true\" role=\"presentation\" class=\"elementor-menu-toggle__icon--open eicon-menu-bar\"><\/i><i aria-hidden=\"true\" role=\"presentation\" class=\"elementor-menu-toggle__icon--close eicon-close\"><\/i>\t\t<\/div>\n\t\t\t\t\t<nav class=\"elementor-nav-menu--dropdown elementor-nav-menu__container\" aria-hidden=\"true\">\n\t\t\t\t<ul id=\"menu-2-eaf5d0c\" class=\"elementor-nav-menu\"><li class=\"menu-item menu-item-type-post_type menu-item-object-page menu-item-home menu-item-1092\"><a href=\"https:\/\/www.ipresv.sp.gov.br\/ipresv\/\" class=\"elementor-item\" tabindex=\"-1\">Home<\/a><\/li>\n<li class=\"menu-item menu-item-type-post_type menu-item-object-page menu-item-has-children menu-item-43\"><a href=\"#\" class=\"elementor-item elementor-item-anchor\" tabindex=\"-1\">IPRESV<\/a>\n<ul class=\"sub-menu elementor-nav-menu--dropdown\">\n\t<li class=\"menu-item menu-item-type-post_type menu-item-object-page menu-item-227\"><a href=\"https:\/\/www.ipresv.sp.gov.br\/ipresv\/ipresv\/quem-somos\/\" class=\"elementor-sub-item\" tabindex=\"-1\">Quem somos<\/a><\/li>\n\t<li class=\"menu-item menu-item-type-post_type menu-item-object-page menu-item-248\"><a href=\"https:\/\/www.ipresv.sp.gov.br\/ipresv\/ipresv\/superitendencia\/\" class=\"elementor-sub-item\" tabindex=\"-1\">Superitend\u00eancia<\/a><\/li>\n\t<li class=\"menu-item menu-item-type-post_type menu-item-object-page menu-item-307\"><a href=\"https:\/\/www.ipresv.sp.gov.br\/ipresv\/ipresv\/estrutura-administrativa\/\" class=\"elementor-sub-item\" tabindex=\"-1\">Estrutura Administrativa<\/a><\/li>\n\t<li class=\"menu-item menu-item-type-post_type menu-item-object-page menu-item-305\"><a href=\"https:\/\/www.ipresv.sp.gov.br\/ipresv\/ipresv\/codigo-de-etica\/\" class=\"elementor-sub-item\" tabindex=\"-1\">C\u00f3digo de \u00c9tica<\/a><\/li>\n\t<li class=\"menu-item menu-item-type-post_type menu-item-object-page menu-item-1381\"><a href=\"https:\/\/www.ipresv.sp.gov.br\/ipresv\/ipresv\/politica-de-seguranca-da-informacao\/\" class=\"elementor-sub-item\" tabindex=\"-1\">Pol\u00edtica de Seguran\u00e7a da Informa\u00e7\u00e3o<\/a><\/li>\n\t<li class=\"menu-item menu-item-type-post_type menu-item-object-page menu-item-2939\"><a href=\"https:\/\/www.ipresv.sp.gov.br\/ipresv\/ipresv\/concursopublico01-2022\/\" class=\"elementor-sub-item\" tabindex=\"-1\">Concurso P\u00fablico 01\/2022<\/a><\/li>\n\t<li class=\"menu-item menu-item-type-post_type menu-item-object-page menu-item-304\"><a target=\"_blank\" href=\"https:\/\/webmail.ipresv.sp.gov.br\" class=\"elementor-sub-item\" tabindex=\"-1\">Webmail<\/a><\/li>\n\t<li class=\"menu-item menu-item-type-post_type menu-item-object-page menu-item-1513\"><a href=\"https:\/\/www.ipresv.sp.gov.br\/ipresv\/ipresv\/cartilha-manual\/\" class=\"elementor-sub-item\" tabindex=\"-1\">Cartilha\/Manual<\/a><\/li>\n\t<li class=\"menu-item menu-item-type-post_type menu-item-object-page menu-item-1514\"><a href=\"https:\/\/www.ipresv.sp.gov.br\/ipresv\/ipresv\/missao-visao-e-valores\/\" class=\"elementor-sub-item\" tabindex=\"-1\">Miss\u00e3o, Vis\u00e3o e Valores<\/a><\/li>\n\t<li class=\"menu-item menu-item-type-post_type menu-item-object-page menu-item-1519\"><a href=\"https:\/\/www.ipresv.sp.gov.br\/ipresv\/ipresv\/relacao-de-bancos-para-consignado\/\" class=\"elementor-sub-item\" tabindex=\"-1\">Rela\u00e7\u00e3o de Bancos para Consignado<\/a><\/li>\n\t<li class=\"menu-item menu-item-type-post_type menu-item-object-page menu-item-1570\"><a href=\"https:\/\/www.ipresv.sp.gov.br\/ipresv\/governanca\/acordaos-tribunal-de-contas-sp\/\" class=\"elementor-sub-item\" tabindex=\"-1\">Ac\u00f3rd\u00e3os Tribunal de Contas SP<\/a><\/li>\n\t<li class=\"menu-item menu-item-type-post_type menu-item-object-page menu-item-5190\"><a href=\"https:\/\/www.ipresv.sp.gov.br\/ipresv\/ipresv\/avaliacao-ipresv\/\" class=\"elementor-sub-item\" tabindex=\"-1\">Avalia\u00e7\u00f5es IPRESV<\/a><\/li>\n\t<li class=\"menu-item menu-item-type-post_type menu-item-object-page menu-item-5176\"><a href=\"https:\/\/cidades.sei.sp.gov.br\/baixadasantista\/sei\/controlador_externo.php?acao=documento_conferir&#038;acao_origem=documento_conferir&#038;lang=pt_BR&#038;id_orgao_acesso_externo=0\" class=\"elementor-sub-item elementor-item-anchor\" tabindex=\"-1\">Verifica\u00e7\u00e3o de CTC<\/a><\/li>\n\t<li class=\"menu-item menu-item-type-post_type menu-item-object-page menu-item-1160\"><a href=\"https:\/\/www.ipresv.sp.gov.br\/ipresv\/fale-conosco\/\" class=\"elementor-sub-item\" tabindex=\"-1\">Fale Conosco<\/a><\/li>\n\t<li class=\"menu-item menu-item-type-post_type menu-item-object-page menu-item-4042\"><a href=\"https:\/\/www.ipresv.sp.gov.br\/ipresv\/ouvidoria\/\" class=\"elementor-sub-item\" tabindex=\"-1\">Ouvidoria<\/a><\/li>\n\t<li class=\"menu-item menu-item-type-post_type menu-item-object-page menu-item-5214\"><a href=\"https:\/\/www.ipresv.sp.gov.br\/ipresv\/ipresv\/censo-previdenciario\/\" class=\"elementor-sub-item\" tabindex=\"-1\">Censo Previdenci\u00e1rio<\/a><\/li>\n<\/ul>\n<\/li>\n<li class=\"menu-item menu-item-type-post_type menu-item-object-page menu-item-has-children menu-item-42\"><a href=\"#\" class=\"elementor-item elementor-item-anchor\" tabindex=\"-1\">Governan\u00e7a<\/a>\n<ul class=\"sub-menu elementor-nav-menu--dropdown\">\n\t<li class=\"menu-item menu-item-type-post_type menu-item-object-page menu-item-3788\"><a href=\"https:\/\/www.ipresv.sp.gov.br\/ipresv\/diretoria-executiva\/\" class=\"elementor-sub-item\" tabindex=\"-1\">Diretoria Executiva<\/a><\/li>\n\t<li class=\"menu-item menu-item-type-post_type menu-item-object-page menu-item-has-children menu-item-316\"><a href=\"#\" class=\"elementor-sub-item elementor-item-anchor\" tabindex=\"-1\">Conselho Administrativo<\/a>\n\t<ul class=\"sub-menu elementor-nav-menu--dropdown\">\n\t\t<li class=\"menu-item menu-item-type-post_type menu-item-object-page menu-item-1427\"><a href=\"https:\/\/www.ipresv.sp.gov.br\/ipresv\/governanca\/conselho-administrativo\/lei-complementar-n-o-384\/\" class=\"elementor-sub-item\" tabindex=\"-1\">Legisla\u00e7\u00e3o<\/a><\/li>\n\t\t<li class=\"menu-item menu-item-type-post_type menu-item-object-page menu-item-1428\"><a href=\"https:\/\/www.ipresv.sp.gov.br\/ipresv\/governanca\/conselho-administrativo\/regimento-interno\/\" class=\"elementor-sub-item\" tabindex=\"-1\">Regimento Interno<\/a><\/li>\n\t\t<li class=\"menu-item menu-item-type-post_type menu-item-object-page menu-item-1429\"><a href=\"https:\/\/www.ipresv.sp.gov.br\/ipresv\/governanca\/conselho-administrativo\/membros\/\" class=\"elementor-sub-item\" tabindex=\"-1\">Membros<\/a><\/li>\n\t\t<li class=\"menu-item menu-item-type-post_type menu-item-object-page menu-item-1430\"><a href=\"https:\/\/www.ipresv.sp.gov.br\/ipresv\/governanca\/conselho-administrativo\/cronograma-das-reunioes\/\" class=\"elementor-sub-item\" tabindex=\"-1\">Cronograma de Reuni\u00f5es<\/a><\/li>\n\t\t<li class=\"menu-item menu-item-type-post_type menu-item-object-page menu-item-325\"><a href=\"https:\/\/www.ipresv.sp.gov.br\/ipresv\/governanca\/conselho-administrativo\/atas\/\" class=\"elementor-sub-item\" tabindex=\"-1\">Atas<\/a><\/li>\n\t<\/ul>\n<\/li>\n\t<li class=\"menu-item menu-item-type-post_type menu-item-object-page menu-item-has-children menu-item-315\"><a href=\"#\" class=\"elementor-sub-item elementor-item-anchor\" tabindex=\"-1\">Conselho Fiscal<\/a>\n\t<ul class=\"sub-menu elementor-nav-menu--dropdown\">\n\t\t<li class=\"menu-item menu-item-type-post_type menu-item-object-page menu-item-1444\"><a href=\"https:\/\/www.ipresv.sp.gov.br\/ipresv\/governanca\/conselho-fiscal\/lei-complementar-n-o-384\/\" class=\"elementor-sub-item\" tabindex=\"-1\">Legisla\u00e7\u00e3o<\/a><\/li>\n\t\t<li class=\"menu-item menu-item-type-post_type menu-item-object-page menu-item-1445\"><a href=\"https:\/\/www.ipresv.sp.gov.br\/ipresv\/governanca\/conselho-fiscal\/regimento-interno\/\" class=\"elementor-sub-item\" tabindex=\"-1\">Regimento Interno<\/a><\/li>\n\t\t<li class=\"menu-item menu-item-type-post_type menu-item-object-page menu-item-1446\"><a href=\"https:\/\/www.ipresv.sp.gov.br\/ipresv\/governanca\/conselho-fiscal\/membros\/\" class=\"elementor-sub-item\" tabindex=\"-1\">Membros<\/a><\/li>\n\t\t<li class=\"menu-item menu-item-type-post_type menu-item-object-page menu-item-1447\"><a href=\"https:\/\/www.ipresv.sp.gov.br\/ipresv\/governanca\/conselho-fiscal\/cronograma-de-reunioes\/\" class=\"elementor-sub-item\" tabindex=\"-1\">Cronograma de Reuni\u00f5es<\/a><\/li>\n\t\t<li class=\"menu-item menu-item-type-post_type menu-item-object-page menu-item-1005\"><a href=\"https:\/\/www.ipresv.sp.gov.br\/ipresv\/governanca\/conselho-fiscal\/atas\/\" class=\"elementor-sub-item\" tabindex=\"-1\">Atas<\/a><\/li>\n\t<\/ul>\n<\/li>\n\t<li class=\"menu-item menu-item-type-post_type menu-item-object-page menu-item-has-children menu-item-1254\"><a href=\"https:\/\/www.ipresv.sp.gov.br\/ipresv\/governanca\/controle-interno\/\" class=\"elementor-sub-item\" tabindex=\"-1\">Controle Interno<\/a>\n\t<ul class=\"sub-menu elementor-nav-menu--dropdown\">\n\t\t<li class=\"menu-item menu-item-type-post_type menu-item-object-page menu-item-3893\"><a href=\"https:\/\/www.ipresv.sp.gov.br\/ipresv\/governanca\/controle-interno\/legislacao-2\/\" class=\"elementor-sub-item\" tabindex=\"-1\">Legisla\u00e7\u00e3o<\/a><\/li>\n\t\t<li class=\"menu-item menu-item-type-post_type menu-item-object-page menu-item-3780\"><a href=\"https:\/\/www.ipresv.sp.gov.br\/ipresv\/controladora-interna\/\" class=\"elementor-sub-item\" tabindex=\"-1\">Controladora Interna<\/a><\/li>\n\t\t<li class=\"menu-item menu-item-type-post_type menu-item-object-page menu-item-2437\"><a href=\"https:\/\/www.ipresv.sp.gov.br\/ipresv\/governanca\/controle-interno\/2021-2\/\" class=\"elementor-sub-item\" tabindex=\"-1\">2021<\/a><\/li>\n\t\t<li class=\"menu-item menu-item-type-post_type menu-item-object-page menu-item-2811\"><a href=\"https:\/\/www.ipresv.sp.gov.br\/ipresv\/governanca\/controle-interno\/2022-2\/\" class=\"elementor-sub-item\" tabindex=\"-1\">2022<\/a><\/li>\n\t\t<li class=\"menu-item menu-item-type-post_type menu-item-object-page menu-item-2853\"><a href=\"https:\/\/www.ipresv.sp.gov.br\/ipresv\/2023-2\/\" class=\"elementor-sub-item\" tabindex=\"-1\">2023<\/a><\/li>\n\t\t<li class=\"menu-item menu-item-type-post_type menu-item-object-page menu-item-3350\"><a href=\"https:\/\/www.ipresv.sp.gov.br\/ipresv\/2024-2\/\" class=\"elementor-sub-item\" tabindex=\"-1\">2024<\/a><\/li>\n\t\t<li class=\"menu-item menu-item-type-post_type menu-item-object-page menu-item-5077\"><a href=\"https:\/\/www.ipresv.sp.gov.br\/ipresv\/governanca\/controle-interno\/2025-2\/\" class=\"elementor-sub-item\" tabindex=\"-1\">2025<\/a><\/li>\n\t<\/ul>\n<\/li>\n\t<li class=\"menu-item menu-item-type-post_type menu-item-object-page menu-item-3249\"><a href=\"https:\/\/www.ipresv.sp.gov.br\/ipresv\/governanca\/relatorios-governancas\/\" class=\"elementor-sub-item\" tabindex=\"-1\">Relat\u00f3rios Governan\u00e7as<\/a><\/li>\n\t<li class=\"menu-item menu-item-type-post_type menu-item-object-page menu-item-246\"><a href=\"https:\/\/www.ipresv.sp.gov.br\/ipresv\/governanca\/certidoes\/\" class=\"elementor-sub-item\" tabindex=\"-1\">Certid\u00f5es<\/a><\/li>\n\t<li class=\"menu-item menu-item-type-post_type menu-item-object-page menu-item-3355\"><a href=\"https:\/\/www.ipresv.sp.gov.br\/ipresv\/governanca\/pro-gestao\/\" class=\"elementor-sub-item\" tabindex=\"-1\">Pr\u00f3-Gest\u00e3o<\/a><\/li>\n\t<li class=\"menu-item menu-item-type-post_type menu-item-object-page menu-item-247\"><a target=\"_blank\" href=\"https:\/\/www.ipresv.sp.gov.br\/downloads\/governanca\/13EmissaodeCertificado021225.pdf\" class=\"elementor-sub-item\" tabindex=\"-1\">CRP<\/a><\/li>\n\t<li class=\"menu-item menu-item-type-post_type menu-item-object-page menu-item-has-children menu-item-3993\"><a href=\"https:\/\/www.ipresv.sp.gov.br\/ipresv\/esocial\/\" class=\"elementor-sub-item\" tabindex=\"-1\">eSocial<\/a>\n\t<ul class=\"sub-menu elementor-nav-menu--dropdown\">\n\t\t<li class=\"menu-item menu-item-type-post_type menu-item-object-page menu-item-3996\"><a href=\"https:\/\/www.ipresv.sp.gov.br\/ipresv\/2024-3\/\" class=\"elementor-sub-item\" tabindex=\"-1\">2024<\/a><\/li>\n\t\t<li class=\"menu-item menu-item-type-post_type menu-item-object-page menu-item-4014\"><a href=\"https:\/\/www.ipresv.sp.gov.br\/ipresv\/2025-3\/\" class=\"elementor-sub-item\" tabindex=\"-1\">2025<\/a><\/li>\n\t<\/ul>\n<\/li>\n\t<li class=\"menu-item menu-item-type-post_type menu-item-object-page menu-item-3967\"><a href=\"https:\/\/www.ipresv.sp.gov.br\/ipresv\/governanca\/audiencia-publica\/\" class=\"elementor-sub-item\" tabindex=\"-1\">Audi\u00eancia P\u00fablica<\/a><\/li>\n\t<li class=\"menu-item menu-item-type-post_type menu-item-object-page menu-item-3297\"><a href=\"https:\/\/www.ipresv.sp.gov.br\/ipresv\/avaliacao-do-passivo\/\" class=\"elementor-sub-item\" tabindex=\"-1\">Avalia\u00e7\u00e3o do Passivo<\/a><\/li>\n\t<li class=\"menu-item menu-item-type-post_type menu-item-object-page menu-item-1614\"><a href=\"https:\/\/www.ipresv.sp.gov.br\/ipresv\/governanca\/planejamento-estrategico\/\" class=\"elementor-sub-item\" tabindex=\"-1\">Planejamento Estrat\u00e9gico<\/a><\/li>\n\t<li class=\"menu-item menu-item-type-post_type menu-item-object-page menu-item-1502\"><a href=\"https:\/\/www.ipresv.sp.gov.br\/ipresv\/governanca\/plano-de-acao\/\" class=\"elementor-sub-item\" tabindex=\"-1\">Plano de A\u00e7\u00e3o<\/a><\/li>\n\t<li class=\"menu-item menu-item-type-post_type menu-item-object-page menu-item-3988\"><a href=\"https:\/\/www.ipresv.sp.gov.br\/ipresv\/decreto-recadastramento\/\" class=\"elementor-sub-item\" tabindex=\"-1\">Decreto Recadastramento<\/a><\/li>\n\t<li class=\"menu-item menu-item-type-post_type menu-item-object-page menu-item-4021\"><a href=\"https:\/\/www.ipresv.sp.gov.br\/ipresv\/calendario-de-pagamento\/\" class=\"elementor-sub-item\" tabindex=\"-1\">Calend\u00e1rio de Pagamento<\/a><\/li>\n\t<li class=\"menu-item menu-item-type-post_type menu-item-object-page menu-item-4031\"><a href=\"https:\/\/www.ipresv.sp.gov.br\/ipresv\/capacitacao-de-pessoal\/\" class=\"elementor-sub-item\" tabindex=\"-1\">Capacita\u00e7\u00e3o de Pessoal<\/a><\/li>\n<\/ul>\n<\/li>\n<li class=\"menu-item menu-item-type-post_type menu-item-object-page menu-item-has-children menu-item-69\"><a href=\"#\" class=\"elementor-item elementor-item-anchor\" tabindex=\"-1\">Benef\u00edcios<\/a>\n<ul class=\"sub-menu elementor-nav-menu--dropdown\">\n\t<li class=\"menu-item menu-item-type-post_type menu-item-object-page menu-item-has-children menu-item-345\"><a href=\"#\" class=\"elementor-sub-item elementor-item-anchor\" tabindex=\"-1\">Aposentadorias (tipos e crit\u00e9rios)<\/a>\n\t<ul class=\"sub-menu elementor-nav-menu--dropdown\">\n\t\t<li class=\"menu-item menu-item-type-post_type menu-item-object-page menu-item-360\"><a href=\"https:\/\/www.ipresv.sp.gov.br\/ipresv\/beneficios\/aposentadorias-tipos-e-criterios\/compulsoria\/\" class=\"elementor-sub-item\" tabindex=\"-1\">Compuls\u00f3ria<\/a><\/li>\n\t\t<li class=\"menu-item menu-item-type-post_type menu-item-object-page menu-item-359\"><a href=\"https:\/\/www.ipresv.sp.gov.br\/ipresv\/beneficios\/aposentadorias-tipos-e-criterios\/especial-do-professor\/\" class=\"elementor-sub-item\" tabindex=\"-1\">Especial do Professor<\/a><\/li>\n\t\t<li class=\"menu-item menu-item-type-post_type menu-item-object-page menu-item-358\"><a href=\"https:\/\/www.ipresv.sp.gov.br\/ipresv\/beneficios\/aposentadorias-tipos-e-criterios\/por-idade\/\" class=\"elementor-sub-item\" tabindex=\"-1\">por idade<\/a><\/li>\n\t\t<li class=\"menu-item menu-item-type-post_type menu-item-object-page menu-item-357\"><a href=\"https:\/\/www.ipresv.sp.gov.br\/ipresv\/beneficios\/aposentadorias-tipos-e-criterios\/por-idade-e-tempo-de-contribuicao\/\" class=\"elementor-sub-item\" tabindex=\"-1\">Por Idade e Tempo de Contribui\u00e7\u00e3o<\/a><\/li>\n\t\t<li class=\"menu-item menu-item-type-post_type menu-item-object-page menu-item-356\"><a href=\"https:\/\/www.ipresv.sp.gov.br\/ipresv\/beneficios\/aposentadorias-tipos-e-criterios\/por-invalidez\/\" class=\"elementor-sub-item\" tabindex=\"-1\">Por Invalidez<\/a><\/li>\n\t<\/ul>\n<\/li>\n\t<li class=\"menu-item menu-item-type-post_type menu-item-object-page menu-item-344\"><a href=\"https:\/\/www.ipresv.sp.gov.br\/ipresv\/beneficios\/pensao-por-morte\/\" class=\"elementor-sub-item\" tabindex=\"-1\">Pens\u00e3o por Morte<\/a><\/li>\n\t<li class=\"menu-item menu-item-type-post_type menu-item-object-page menu-item-343\"><a href=\"https:\/\/www.ipresv.sp.gov.br\/ipresv\/beneficios\/abono-de-permanencia\/\" class=\"elementor-sub-item\" tabindex=\"-1\">Abono de Perman\u00eancia<\/a><\/li>\n\t<li class=\"menu-item menu-item-type-post_type menu-item-object-page menu-item-342\"><a href=\"https:\/\/www.ipresv.sp.gov.br\/ipresv\/beneficios\/recadastramento\/\" class=\"elementor-sub-item\" tabindex=\"-1\">Recadastramento<\/a><\/li>\n\t<li class=\"menu-item menu-item-type-post_type menu-item-object-page menu-item-has-children menu-item-341\"><a href=\"#\" class=\"elementor-sub-item elementor-item-anchor\" tabindex=\"-1\">Benef\u00edcios Concedidos<\/a>\n\t<ul class=\"sub-menu elementor-nav-menu--dropdown\">\n\t\t<li class=\"menu-item menu-item-type-post_type menu-item-object-page menu-item-363\"><a href=\"https:\/\/www.ipresv.sp.gov.br\/ipresv\/beneficios\/beneficios-concedidos\/2019-2\/\" class=\"elementor-sub-item\" tabindex=\"-1\">2019<\/a><\/li>\n\t\t<li class=\"menu-item menu-item-type-post_type menu-item-object-page menu-item-1314\"><a href=\"https:\/\/www.ipresv.sp.gov.br\/ipresv\/beneficios\/beneficios-concedidos\/2020-2\/\" class=\"elementor-sub-item\" tabindex=\"-1\">2020<\/a><\/li>\n\t\t<li class=\"menu-item menu-item-type-post_type menu-item-object-page menu-item-1414\"><a href=\"https:\/\/www.ipresv.sp.gov.br\/ipresv\/beneficios\/beneficios-concedidos\/2021-2\/\" class=\"elementor-sub-item\" tabindex=\"-1\">2021<\/a><\/li>\n\t\t<li class=\"menu-item menu-item-type-post_type menu-item-object-page menu-item-2295\"><a href=\"https:\/\/www.ipresv.sp.gov.br\/ipresv\/beneficios\/beneficios-concedidos\/2022-2\/\" class=\"elementor-sub-item\" tabindex=\"-1\">2022<\/a><\/li>\n\t\t<li class=\"menu-item menu-item-type-post_type menu-item-object-page menu-item-2715\"><a href=\"https:\/\/www.ipresv.sp.gov.br\/ipresv\/beneficios\/beneficios-concedidos\/2023-benef\/\" class=\"elementor-sub-item\" tabindex=\"-1\">2023<\/a><\/li>\n\t\t<li class=\"menu-item menu-item-type-post_type menu-item-object-page menu-item-3043\"><a href=\"https:\/\/www.ipresv.sp.gov.br\/ipresv\/beneficios\/2024-2\/\" class=\"elementor-sub-item\" tabindex=\"-1\">2024<\/a><\/li>\n\t\t<li class=\"menu-item menu-item-type-post_type menu-item-object-page menu-item-3702\"><a href=\"https:\/\/www.ipresv.sp.gov.br\/ipresv\/beneficios\/beneficios-concedidos\/2025-2\/\" class=\"elementor-sub-item\" tabindex=\"-1\">2025<\/a><\/li>\n\t\t<li class=\"menu-item menu-item-type-post_type menu-item-object-page menu-item-4887\"><a href=\"https:\/\/www.ipresv.sp.gov.br\/ipresv\/beneficios\/beneficios-concedidos\/2025-2\/\" class=\"elementor-sub-item\" tabindex=\"-1\">2026<\/a><\/li>\n\t<\/ul>\n<\/li>\n<\/ul>\n<\/li>\n<li class=\"menu-item menu-item-type-post_type menu-item-object-page menu-item-has-children menu-item-70\"><a href=\"#\" class=\"elementor-item elementor-item-anchor\" tabindex=\"-1\">Investimentos<\/a>\n<ul class=\"sub-menu elementor-nav-menu--dropdown\">\n\t<li class=\"menu-item menu-item-type-post_type menu-item-object-page menu-item-244\"><a href=\"https:\/\/www.ipresv.sp.gov.br\/ipresv\/investimentos\/politicas-de-investimento\/\" class=\"elementor-sub-item\" tabindex=\"-1\">Pol\u00edtica de Investimentos<\/a><\/li>\n\t<li class=\"menu-item menu-item-type-post_type menu-item-object-page menu-item-3831\"><a href=\"https:\/\/www.ipresv.sp.gov.br\/ipresv\/manual-de-investimentos\/\" class=\"elementor-sub-item\" tabindex=\"-1\">Manual de Investimentos<\/a><\/li>\n\t<li class=\"menu-item menu-item-type-post_type menu-item-object-page menu-item-has-children menu-item-2701\"><a href=\"https:\/\/www.ipresv.sp.gov.br\/ipresv\/investimentos\/relatorios-mensais-investimentos\/\" class=\"elementor-sub-item\" tabindex=\"-1\">Relat\u00f3rios Mensais Investimentos<\/a>\n\t<ul class=\"sub-menu elementor-nav-menu--dropdown\">\n\t\t<li class=\"menu-item menu-item-type-post_type menu-item-object-page menu-item-2364\"><a href=\"https:\/\/www.ipresv.sp.gov.br\/ipresv\/2021-2\/\" class=\"elementor-sub-item\" tabindex=\"-1\">2021<\/a><\/li>\n\t\t<li class=\"menu-item menu-item-type-post_type menu-item-object-page menu-item-2460\"><a href=\"https:\/\/www.ipresv.sp.gov.br\/ipresv\/investimentos\/comite-de-investimentos\/relatorios-trimestrais\/2022-4\/\" class=\"elementor-sub-item\" tabindex=\"-1\">2022<\/a><\/li>\n\t\t<li class=\"menu-item menu-item-type-post_type menu-item-object-page menu-item-2705\"><a href=\"https:\/\/www.ipresv.sp.gov.br\/ipresv\/investimentos\/relatorios-mensais-investimentos\/2023-2\/\" class=\"elementor-sub-item\" tabindex=\"-1\">2023<\/a><\/li>\n\t\t<li class=\"menu-item menu-item-type-post_type menu-item-object-page menu-item-3088\"><a href=\"https:\/\/www.ipresv.sp.gov.br\/ipresv\/investimentos\/relatorios-mensais-investimentos\/2024-2\/\" class=\"elementor-sub-item\" tabindex=\"-1\">2024<\/a><\/li>\n\t\t<li class=\"menu-item menu-item-type-post_type menu-item-object-page menu-item-3984\"><a href=\"https:\/\/www.ipresv.sp.gov.br\/ipresv\/2025-2\/\" class=\"elementor-sub-item\" tabindex=\"-1\">2025<\/a><\/li>\n\t\t<li class=\"menu-item menu-item-type-post_type menu-item-object-page menu-item-5405\"><a href=\"https:\/\/www.ipresv.sp.gov.br\/ipresv\/investimentos\/relatorios-mensais-investimentos\/2026i\/\" class=\"elementor-sub-item\" tabindex=\"-1\">2026<\/a><\/li>\n\t<\/ul>\n<\/li>\n\t<li class=\"menu-item menu-item-type-post_type menu-item-object-page menu-item-has-children menu-item-382\"><a href=\"#\" class=\"elementor-sub-item elementor-item-anchor\" tabindex=\"-1\">Investimentos<\/a>\n\t<ul class=\"sub-menu elementor-nav-menu--dropdown\">\n\t\t<li class=\"menu-item menu-item-type-post_type menu-item-object-page menu-item-has-children menu-item-393\"><a href=\"#\" class=\"elementor-sub-item elementor-item-anchor\" tabindex=\"-1\">Posi\u00e7\u00e3o dos Investimentos\/Gest\u00e3o de Riscos<\/a>\n\t\t<ul class=\"sub-menu elementor-nav-menu--dropdown\">\n\t\t\t<li class=\"menu-item menu-item-type-post_type menu-item-object-page menu-item-408\"><a href=\"https:\/\/www.ipresv.sp.gov.br\/ipresv\/investimentos\/investimentos\/posicao-dos-investimentos\/2015-2\/\" class=\"elementor-sub-item\" tabindex=\"-1\">2015<\/a><\/li>\n\t\t\t<li class=\"menu-item menu-item-type-post_type menu-item-object-page menu-item-407\"><a href=\"https:\/\/www.ipresv.sp.gov.br\/ipresv\/investimentos\/investimentos\/posicao-dos-investimentos\/2016-2\/\" class=\"elementor-sub-item\" tabindex=\"-1\">2016<\/a><\/li>\n\t\t\t<li class=\"menu-item menu-item-type-post_type menu-item-object-page menu-item-406\"><a href=\"https:\/\/www.ipresv.sp.gov.br\/ipresv\/investimentos\/investimentos\/posicao-dos-investimentos\/2017-2\/\" class=\"elementor-sub-item\" tabindex=\"-1\">2017<\/a><\/li>\n\t\t\t<li class=\"menu-item menu-item-type-post_type menu-item-object-page menu-item-405\"><a href=\"https:\/\/www.ipresv.sp.gov.br\/ipresv\/investimentos\/investimentos\/posicao-dos-investimentos\/2018-2\/\" class=\"elementor-sub-item\" tabindex=\"-1\">2018<\/a><\/li>\n\t\t\t<li class=\"menu-item menu-item-type-post_type menu-item-object-page menu-item-404\"><a href=\"https:\/\/www.ipresv.sp.gov.br\/ipresv\/investimentos\/investimentos\/posicao-dos-investimentos\/2019-2\/\" class=\"elementor-sub-item\" tabindex=\"-1\">2019<\/a><\/li>\n\t\t\t<li class=\"menu-item menu-item-type-post_type menu-item-object-page menu-item-1222\"><a href=\"https:\/\/www.ipresv.sp.gov.br\/ipresv\/investimentos\/investimentos\/posicao-dos-investimentos\/2020-2\/\" class=\"elementor-sub-item\" tabindex=\"-1\">2020<\/a><\/li>\n\t\t\t<li class=\"menu-item menu-item-type-post_type menu-item-object-page menu-item-1556\"><a href=\"https:\/\/www.ipresv.sp.gov.br\/ipresv\/investimentos\/investimentos\/posicao-dos-investimentos\/2021-2\/\" class=\"elementor-sub-item\" tabindex=\"-1\">2021<\/a><\/li>\n\t\t\t<li class=\"menu-item menu-item-type-post_type menu-item-object-page menu-item-2304\"><a href=\"https:\/\/www.ipresv.sp.gov.br\/ipresv\/investimentos\/investimentos\/posicao-dos-investimentos\/2022-3\/\" class=\"elementor-sub-item\" tabindex=\"-1\">2022<\/a><\/li>\n\t\t\t<li class=\"menu-item menu-item-type-post_type menu-item-object-page menu-item-2664\"><a href=\"https:\/\/www.ipresv.sp.gov.br\/ipresv\/investimentos\/investimentos\/posicao-dos-investimentos\/2023-2\/\" class=\"elementor-sub-item\" tabindex=\"-1\">2023<\/a><\/li>\n\t\t\t<li class=\"menu-item menu-item-type-post_type menu-item-object-page menu-item-3071\"><a href=\"https:\/\/www.ipresv.sp.gov.br\/ipresv\/investimentos\/investimentos\/posicao-dos-investimentos\/2024-2\/\" class=\"elementor-sub-item\" tabindex=\"-1\">2024<\/a><\/li>\n\t\t\t<li class=\"menu-item menu-item-type-post_type menu-item-object-page menu-item-3747\"><a href=\"https:\/\/www.ipresv.sp.gov.br\/ipresv\/investimentos\/investimentos\/posicao-dos-investimentos\/2025-2\/\" class=\"elementor-sub-item\" tabindex=\"-1\">2025<\/a><\/li>\n\t\t\t<li class=\"menu-item menu-item-type-post_type menu-item-object-page menu-item-5397\"><a href=\"https:\/\/www.ipresv.sp.gov.br\/ipresv\/investimentos\/investimentos\/posicao-dos-investimentos\/2026-10\/\" class=\"elementor-sub-item\" tabindex=\"-1\">2026<\/a><\/li>\n\t\t<\/ul>\n<\/li>\n\t\t<li class=\"menu-item menu-item-type-post_type menu-item-object-page menu-item-391\"><a href=\"https:\/\/www.ipresv.sp.gov.br\/ipresv\/investimentos\/investimentos\/base-legal\/\" class=\"elementor-sub-item\" tabindex=\"-1\">Base Legal<\/a><\/li>\n\t<\/ul>\n<\/li>\n\t<li class=\"menu-item menu-item-type-post_type menu-item-object-page menu-item-381\"><a href=\"https:\/\/www.ipresv.sp.gov.br\/ipresv\/investimentos\/instituicoes-credenciadas\/\" class=\"elementor-sub-item\" tabindex=\"-1\">Institui\u00e7\u00f5es Credenciadas\/Credenciamento<\/a><\/li>\n\t<li class=\"menu-item menu-item-type-post_type menu-item-object-page menu-item-has-children menu-item-380\"><a href=\"https:\/\/www.ipresv.sp.gov.br\/ipresv\/investimentos\/comite-de-investimentos\/\" class=\"elementor-sub-item\" tabindex=\"-1\">Comit\u00ea de Investimentos<\/a>\n\t<ul class=\"sub-menu elementor-nav-menu--dropdown\">\n\t\t<li class=\"menu-item menu-item-type-post_type menu-item-object-page menu-item-4811\"><a href=\"https:\/\/www.ipresv.sp.gov.br\/ipresv\/investimentos\/comite-de-investimentos\/\" class=\"elementor-sub-item\" tabindex=\"-1\">Regimento<\/a><\/li>\n\t\t<li class=\"menu-item menu-item-type-post_type menu-item-object-page menu-item-3740\"><a href=\"https:\/\/www.ipresv.sp.gov.br\/ipresv\/investimentos\/comite-de-investimentos\/legislacao-2\/\" class=\"elementor-sub-item\" tabindex=\"-1\">Legisla\u00e7\u00e3o<\/a><\/li>\n\t\t<li class=\"menu-item menu-item-type-post_type menu-item-object-page menu-item-1540\"><a href=\"https:\/\/www.ipresv.sp.gov.br\/ipresv\/investimentos\/comite-de-investimentos\/membros\/\" class=\"elementor-sub-item\" tabindex=\"-1\">Membros<\/a><\/li>\n\t\t<li class=\"menu-item menu-item-type-post_type menu-item-object-page menu-item-379\"><a href=\"https:\/\/www.ipresv.sp.gov.br\/ipresv\/investimentos\/cronograma-de-reunioes\/\" class=\"elementor-sub-item\" tabindex=\"-1\">Cronograma de Reuni\u00f5es<\/a><\/li>\n\t\t<li class=\"menu-item menu-item-type-post_type menu-item-object-page menu-item-1564\"><a href=\"https:\/\/www.ipresv.sp.gov.br\/ipresv\/investimentos\/comite-de-investimentos\/atas\/\" class=\"elementor-sub-item\" tabindex=\"-1\">Atas\/Relat\u00f3rios Trimestrais<\/a><\/li>\n\t<\/ul>\n<\/li>\n\t<li class=\"menu-item menu-item-type-post_type menu-item-object-page menu-item-has-children menu-item-378\"><a href=\"https:\/\/www.ipresv.sp.gov.br\/ipresv\/investimentos\/balancetes-analiticos\/\" class=\"elementor-sub-item\" tabindex=\"-1\">Balancetes Anal\u00edticos<\/a>\n\t<ul class=\"sub-menu elementor-nav-menu--dropdown\">\n\t\t<li class=\"menu-item menu-item-type-post_type menu-item-object-page menu-item-3925\"><a href=\"https:\/\/www.ipresv.sp.gov.br\/ipresv\/investimentos\/balancetes-analiticos\/2025-2\/\" class=\"elementor-sub-item\" tabindex=\"-1\">2025<\/a><\/li>\n\t\t<li class=\"menu-item menu-item-type-post_type menu-item-object-page menu-item-3903\"><a href=\"https:\/\/www.ipresv.sp.gov.br\/ipresv\/investimentos\/balancetes-analiticos\/2024-3\/\" class=\"elementor-sub-item\" tabindex=\"-1\">2024<\/a><\/li>\n\t\t<li class=\"menu-item menu-item-type-post_type menu-item-object-page menu-item-3911\"><a href=\"https:\/\/www.ipresv.sp.gov.br\/ipresv\/investimentos\/balancetes-analiticos\/2023-3\/\" class=\"elementor-sub-item\" tabindex=\"-1\">2023<\/a><\/li>\n\t\t<li class=\"menu-item menu-item-type-post_type menu-item-object-page menu-item-3918\"><a href=\"https:\/\/www.ipresv.sp.gov.br\/ipresv\/investimentos\/balancetes-analiticos\/2013-a-2022\/\" class=\"elementor-sub-item\" tabindex=\"-1\">2013 A 2022<\/a><\/li>\n\t<\/ul>\n<\/li>\n\t<li class=\"menu-item menu-item-type-post_type menu-item-object-page menu-item-377\"><a href=\"https:\/\/www.ipresv.sp.gov.br\/ipresv\/investimentos\/avaliacao-atuarial\/\" class=\"elementor-sub-item\" tabindex=\"-1\">Avalia\u00e7\u00e3o Atuarial<\/a><\/li>\n\t<li class=\"menu-item menu-item-type-post_type menu-item-object-page menu-item-3499\"><a href=\"https:\/\/www.ipresv.sp.gov.br\/ipresv\/investimentos\/estudo-de-alm\/\" class=\"elementor-sub-item\" tabindex=\"-1\">ESTUDO DE ALM<\/a><\/li>\n\t<li class=\"menu-item menu-item-type-post_type menu-item-object-page menu-item-1264\"><a target=\"_blank\" href=\"https:\/\/cadprev.previdencia.gov.br\/Cadprev\/pages\/publico\/demonstrativoPrevidenciario\/pesquisarEnteDemonstrativoPrevidenciario.xhtml\" class=\"elementor-sub-item\" tabindex=\"-1\">CadPREV<\/a><\/li>\n\t<li class=\"menu-item menu-item-type-post_type menu-item-object-page menu-item-has-children menu-item-4894\"><a href=\"https:\/\/www.ipresv.sp.gov.br\/ipresv\/investimentos\/diligencias\/\" class=\"elementor-sub-item\" tabindex=\"-1\">Dilig\u00eancias<\/a>\n\t<ul class=\"sub-menu elementor-nav-menu--dropdown\">\n\t\t<li class=\"menu-item menu-item-type-post_type menu-item-object-page menu-item-4899\"><a href=\"https:\/\/www.ipresv.sp.gov.br\/ipresv\/investimentos\/diligencias\/instituicoes\/\" class=\"elementor-sub-item\" tabindex=\"-1\">Institui\u00e7\u00f5es<\/a><\/li>\n\t\t<li class=\"menu-item menu-item-type-post_type menu-item-object-page menu-item-4902\"><a href=\"https:\/\/www.ipresv.sp.gov.br\/ipresv\/investimentos\/diligencias\/fundos\/\" class=\"elementor-sub-item\" tabindex=\"-1\">Fundos<\/a><\/li>\n\t<\/ul>\n<\/li>\n\t<li class=\"menu-item menu-item-type-post_type menu-item-object-page menu-item-5017\"><a href=\"https:\/\/www.ipresv.sp.gov.br\/ipresv\/investimentos\/investimentos\/meta-atuarial\/\" class=\"elementor-sub-item\" tabindex=\"-1\">Meta Atuarial<\/a><\/li>\n\t<li class=\"menu-item menu-item-type-post_type menu-item-object-page menu-item-5059\"><a href=\"https:\/\/www.ipresv.sp.gov.br\/ipresv\/investimentos\/envio-dair\/\" class=\"elementor-sub-item\" tabindex=\"-1\">Envio DAIR<\/a><\/li>\n<\/ul>\n<\/li>\n<li class=\"menu-item menu-item-type-post_type menu-item-object-page menu-item-has-children menu-item-71\"><a href=\"#\" class=\"elementor-item elementor-item-anchor\" tabindex=\"-1\">Legisla\u00e7\u00e3o<\/a>\n<ul class=\"sub-menu elementor-nav-menu--dropdown\">\n\t<li class=\"menu-item menu-item-type-post_type menu-item-object-page menu-item-243\"><a href=\"https:\/\/www.ipresv.sp.gov.br\/ipresv\/legislacao\/consolidacao-rpps\/\" class=\"elementor-sub-item\" tabindex=\"-1\">Consolida\u00e7\u00e3o RPPS<\/a><\/li>\n\t<li class=\"menu-item menu-item-type-post_type menu-item-object-page menu-item-429\"><a href=\"https:\/\/www.ipresv.sp.gov.br\/ipresv\/legislacao\/leis-ipresv\/\" class=\"elementor-sub-item\" tabindex=\"-1\">Leis IPRESV<\/a><\/li>\n\t<li class=\"menu-item menu-item-type-post_type menu-item-object-page menu-item-428\"><a href=\"https:\/\/www.ipresv.sp.gov.br\/ipresv\/legislacao\/decretos\/\" class=\"elementor-sub-item\" tabindex=\"-1\">Decretos<\/a><\/li>\n\t<li class=\"menu-item menu-item-type-post_type menu-item-object-page menu-item-5241\"><a href=\"https:\/\/www.ipresv.sp.gov.br\/downloads\/legislacao\/LegislacaoSEI.pdf\" class=\"elementor-sub-item\" tabindex=\"-1\">Legisla\u00e7\u00e3o Processo Eletr\u00f4nico<\/a><\/li>\n<\/ul>\n<\/li>\n<li class=\"menu-item menu-item-type-post_type menu-item-object-page menu-item-has-children menu-item-72\"><a href=\"#\" class=\"elementor-item elementor-item-anchor\" tabindex=\"-1\">Licita\u00e7\u00f5es<\/a>\n<ul class=\"sub-menu elementor-nav-menu--dropdown\">\n\t<li class=\"menu-item menu-item-type-post_type menu-item-object-page menu-item-3723\"><a href=\"https:\/\/www.ipresv.sp.gov.br\/ipresv\/licitacoes\/pca\/\" class=\"elementor-sub-item\" tabindex=\"-1\">PCA<\/a><\/li>\n\t<li class=\"menu-item menu-item-type-post_type menu-item-object-page menu-item-242\"><a href=\"https:\/\/www.ipresv.sp.gov.br\/ipresv\/licitacoes\/comissao-de-licitacao\/\" class=\"elementor-sub-item\" tabindex=\"-1\">Comiss\u00e3o de Contrata\u00e7\u00e3o<\/a><\/li>\n\t<li class=\"menu-item menu-item-type-post_type menu-item-object-page menu-item-423\"><a href=\"https:\/\/www.ipresv.sp.gov.br\/ipresv\/licitacoes\/contratos-vigentes\/\" class=\"elementor-sub-item\" tabindex=\"-1\">Contratos Vigentes<\/a><\/li>\n\t<li class=\"menu-item menu-item-type-post_type menu-item-object-page menu-item-420\"><a href=\"https:\/\/www.ipresv.sp.gov.br\/ipresv\/licitacoes\/compras-diretas\/\" class=\"elementor-sub-item\" tabindex=\"-1\">Dispensa de Licita\u00e7\u00e3o<\/a><\/li>\n\t<li class=\"menu-item menu-item-type-post_type menu-item-object-page menu-item-419\"><a href=\"https:\/\/www.ipresv.sp.gov.br\/ipresv\/licitacoes\/editais\/\" class=\"elementor-sub-item\" tabindex=\"-1\">Inexigibilidade<\/a><\/li>\n<\/ul>\n<\/li>\n<li class=\"menu-item menu-item-type-post_type menu-item-object-page menu-item-553\"><a target=\"_blank\" href=\"https:\/\/online.saovicente.sp.gov.br\/ipsaovicente\/websis\/siapegov\/recursos_humanos\/grh\/grh_rh_online.php\" class=\"elementor-item\" tabindex=\"-1\">Holerite<\/a><\/li>\n<\/ul>\t\t\t<\/nav>\n\t\t\t\t\t\t<\/div>\n\t\t\t\t<\/div>\n\t\t\t\t<div class=\"elementor-element elementor-element-604ea48f elementor-widget-divider--view-line elementor-widget elementor-widget-divider\" data-id=\"604ea48f\" data-element_type=\"widget\" data-widget_type=\"divider.default\">\n\t\t\t\t<div class=\"elementor-widget-container\">\n\t\t\t\t\t\t\t<div class=\"elementor-divider\">\n\t\t\t<span class=\"elementor-divider-separator\">\n\t\t\t\t\t\t<\/span>\n\t\t<\/div>\n\t\t\t\t\t\t<\/div>\n\t\t\t\t<\/div>\n\t\t\t\t\t<\/div>\n\t\t<\/div>\n\t\t\t\t\t<\/div>\n\t\t<\/section>\n\t\t\t\t<section class=\"elementor-section elementor-top-section elementor-element elementor-element-abc62e1 elementor-section-boxed elementor-section-height-default elementor-section-height-default\" data-id=\"abc62e1\" data-element_type=\"section\">\n\t\t\t\t\t\t<div class=\"elementor-container elementor-column-gap-default\">\n\t\t\t\t\t<div class=\"elementor-column elementor-col-50 elementor-top-column elementor-element elementor-element-a3e1cd4\" data-id=\"a3e1cd4\" data-element_type=\"column\">\n\t\t\t<div class=\"elementor-widget-wrap elementor-element-populated\">\n\t\t\t\t\t\t<div class=\"elementor-element elementor-element-7a17511 elementor-widget elementor-widget-html\" data-id=\"7a17511\" data-element_type=\"widget\" data-widget_type=\"html.default\">\n\t\t\t\t<div class=\"elementor-widget-container\">\n\t\t\t\t\t<!DOCTYPE html>\r\n<html lang=\"pt-BR\">\r\n<head>\r\n  <meta charset=\"UTF-8\">\r\n  <title>Aviso de Contrata\u00e7\u00e3o Direta<\/title>\r\n  <style>\r\n    body {\r\n      font-family: Arial, sans-serif;\r\n      background-color: #f4f4f4;\r\n      margin: 0;\r\n      padding: 20px;\r\n      font-size: 14px;\r\n      text-align: justify\r\n    }\r\n\r\n    .container {\r\n      max-width: 1000px;\r\n      margin: 0 auto;\r\n      background: #ffffff;\r\n      border-radius: 8px;\r\n      padding: 20px;\r\n      box-shadow: 0 2px 6px rgba(0,0,0,0.1);\r\n    }\r\n\r\n    .titulo {\r\n      display: flex;\r\n      align-items: center;\r\n      background-color: #d4d4d4;\r\n      padding: 15px;\r\n      border-radius: 8px;\r\n      font-weight: bold;\r\n      font-size: 16px;\r\n    }\r\n\r\n    .titulo img {\r\n      width: 30px;\r\n      margin-right: 10px;\r\n    }\r\n\r\n    .negrito {\r\n      font-weight: bold;\r\n    }\r\n\r\n    .publicado {\r\n      margin-top: 20px;\r\n      font-weight: bold;\r\n      color: #2c3e50;\r\n    }\r\n\r\n    .botao {\r\n      display: inline-block;\r\n      font-size: 12px;\r\n      margin-top: 10px;\r\n      padding: 10px 15px;\r\n      background-color: #2ecc71;\r\n      color: white;\r\n      text-decoration: none;\r\n      border-radius: 8px;\r\n      font-weight: bold;\r\n      margin-right: 10px;\r\n      transition: background-color 0.3s;\r\n    }\r\n\r\n    .botao:hover {\r\n      background-color: #27ae60;\r\n    }\r\n  <\/style>\r\n<\/head>\r\n<body>\r\n\r\n<div class=\"container\">\r\n  <div class=\"titulo\">\r\n    <img decoding=\"async\" src=\"https:\/\/www.ipresv.sp.gov.br\/ipresv\/elementosgraficos\/logoadobetransparente.png\" alt=\"Logo\">\r\n    AVISO INEXIGIBILIDADE DE LICITA\u00c7\u00c3O\r\n  <\/div>\r\n\r\n  <div class=\"conteudo\">\r\n    <p><span class=\"negrito\">Inexigibilidade de Licita\u00e7\u00e3o <\/span> \u2013 Processo Administrativo n\u00ba 378\/2025<\/p>\r\n    <p><span class=\"negrito\">Contratante:<\/span> INSTITUTO DE PREVID\u00caNCIA DOS SERVIDORES MUNICIPAIS DE S\u00c3O VICENTE<\/p>\r\n    <p><span class=\"negrito\">Objeto:<\/span> Inscri\u00e7\u00e3o para o 58\u00ba Congresso Nacional, a ser realizado nos dias 25 a 27 de junho de 2025, em Foz do Igua\u00e7u\/PR.<\/p>\r\n\r\n    <p> O Instituto de Previd\u00eancia dos Servidores Municipais de S\u00e3o Vicente\/SP, atrav\u00e9s do seu Superintendente, RATIFICA o parecer favor\u00e1vel \u00e0 contrata\u00e7\u00e3o por INEXIGIBILIDADE de licita\u00e7\u00e3o a empresa ABIPEM - ASSOCIA\u00c7\u00c3O BRASILEIRA DE INSTITUI\u00c7\u00d5ES DE PREVIDENCIA ESTADUAIS E MUNICIPAIS \u2013 inscrita no CNPJ\/MF sob n.\u00ba 29.184.280\/0001-17, referente a inscri\u00e7\u00e3o no 58\u00ba Congresso Nacional, a ser realizado nos dias 25 a 27 de junho de 2025, em Foz do Igua\u00e7u\/PR, de acordo com o art. 74, inciso III, \u201cf\u201d da Lei n\u00ba 14.133\/21. Tudo em conformidade com o processo n\u00ba 378\/2025.<\/p>\r\n\r\n    <p><span class=\"negrito\">Justificativa:<\/span> Lei Federal n\u00ba 14.133\/2021.<\/p>\r\n\r\n    <p class=\"publicado\">PUBLICADO EM 12 DE MAIO DE 2025<\/p>\r\n\r\n    <a href=\"https:\/\/www.ipresv.sp.gov.br\/downloads\/licitaoes\/AVISO%20INSCRICAO.pdf\" target=\"_blank\" class=\"botao\">AVISO DE INEXIGIBILIDADE<\/a>\r\n  <\/div>\r\n<\/div>\r\n\r\n<\/body>\r\n<\/html>\r\n\t\t\t\t<\/div>\n\t\t\t\t<\/div>\n\t\t\t\t\t<\/div>\n\t\t<\/div>\n\t\t\t\t<div class=\"elementor-column elementor-col-50 elementor-top-column elementor-element elementor-element-c8530f9\" data-id=\"c8530f9\" data-element_type=\"column\">\n\t\t\t<div class=\"elementor-widget-wrap\">\n\t\t\t\t\t\t\t<\/div>\n\t\t<\/div>\n\t\t\t\t\t<\/div>\n\t\t<\/section>\n\t\t\t\t<section class=\"elementor-section elementor-top-section elementor-element elementor-element-8cc6446 elementor-section-boxed elementor-section-height-default elementor-section-height-default\" data-id=\"8cc6446\" data-element_type=\"section\">\n\t\t\t\t\t\t<div class=\"elementor-container elementor-column-gap-default\">\n\t\t\t\t\t<div class=\"elementor-column elementor-col-50 elementor-top-column elementor-element elementor-element-991110f\" data-id=\"991110f\" data-element_type=\"column\">\n\t\t\t<div class=\"elementor-widget-wrap elementor-element-populated\">\n\t\t\t\t\t\t<div class=\"elementor-element elementor-element-80f4758 elementor-widget elementor-widget-html\" data-id=\"80f4758\" data-element_type=\"widget\" data-widget_type=\"html.default\">\n\t\t\t\t<div class=\"elementor-widget-container\">\n\t\t\t\t\t<!DOCTYPE html>\r\n<html lang=\"pt-BR\">\r\n<head>\r\n  <meta charset=\"UTF-8\">\r\n  <title>Aviso de Contrata\u00e7\u00e3o Direta<\/title>\r\n  <style>\r\n    body {\r\n      font-family: Arial, sans-serif;\r\n      background-color: #f4f4f4;\r\n      margin: 0;\r\n      padding: 20px;\r\n      font-size: 14px;\r\n      text-align: justify\r\n    }\r\n\r\n    .container {\r\n      max-width: 1000px;\r\n      margin: 0 auto;\r\n      background: #ffffff;\r\n      border-radius: 8px;\r\n      padding: 20px;\r\n      box-shadow: 0 2px 6px rgba(0,0,0,0.1);\r\n    }\r\n\r\n    .titulo {\r\n      display: flex;\r\n      align-items: center;\r\n      background-color: #d4d4d4;\r\n      padding: 15px;\r\n      border-radius: 8px;\r\n      font-weight: bold;\r\n      font-size: 16px;\r\n    }\r\n\r\n    .titulo img {\r\n      width: 30px;\r\n      margin-right: 10px;\r\n    }\r\n\r\n    .negrito {\r\n      font-weight: bold;\r\n    }\r\n\r\n    .publicado {\r\n      margin-top: 20px;\r\n      font-weight: bold;\r\n      color: #2c3e50;\r\n    }\r\n\r\n    .botao {\r\n      display: inline-block;\r\n      font-size: 12px;\r\n      margin-top: 10px;\r\n      padding: 10px 15px;\r\n      background-color: #2ecc71;\r\n      color: white;\r\n      text-decoration: none;\r\n      border-radius: 8px;\r\n      font-weight: bold;\r\n      margin-right: 10px;\r\n      transition: background-color 0.3s;\r\n    }\r\n\r\n    .botao:hover {\r\n      background-color: #27ae60;\r\n    }\r\n  <\/style>\r\n<\/head>\r\n<body>\r\n\r\n<div class=\"container\">\r\n  <div class=\"titulo\">\r\n    <img decoding=\"async\" src=\"https:\/\/www.ipresv.sp.gov.br\/ipresv\/elementosgraficos\/logoadobetransparente.png\" alt=\"Logo\">\r\n    AVISO INEXIGIBILIDADE DE LICITA\u00c7\u00c3O\r\n  <\/div>\r\n\r\n  <div class=\"conteudo\">\r\n    <p><span class=\"negrito\">Inexigibilidade de Licita\u00e7\u00e3o <\/span> \u2013 Processo Administrativo n\u00ba 315\/2025<\/p>\r\n    <p><span class=\"negrito\">Contratante:<\/span> INSTITUTO DE PREVID\u00caNCIA DOS SERVIDORES MUNICIPAIS DE S\u00c3O VICENTE<\/p>\r\n    <p><span class=\"negrito\">Objeto:<\/span> CONTRATA\u00c7\u00c3O DE SERVI\u00c7OS DE ASSESSORIA NA ELABORA\u00c7\u00c3O DE PLANEJAMENTO ESTRAT\u00c9GICO DO RPPS<\/p>\r\n\r\n    <p> O Instituto de Previd\u00eancia dos Servidores Municipais de S\u00e3o Vicente\/SP, atrav\u00e9s do seu Superintendente, RATIFICA o parecer favor\u00e1vel \u00e0 contrata\u00e7\u00e3o por <b>INEXIGIBILIDADE<\/b> de licita\u00e7\u00e3o, com base no Art. 74, inciso III, al\u00ednea \"c\u201d da Lei Federal n\u00b0 14.133\/2021, quanto a contrata\u00e7\u00e3o da <b>\u00c1GUIA EDUCA\u00c7\u00c3O E SOLU\u00c7\u00d5ES EXECUTIVAS LTDA<\/b>, inscrita no CNPJ sob n\u00ba 53.439.116\/0001-98, cujo objeto consiste em assessoria na elabora\u00e7\u00e3o de Planejamento Estrat\u00e9gico do RPPS, com entrega do Planejamento Estrat\u00e9gico de 5 anos, modelo de Plano Anual de A\u00e7\u00f5es, na forma definido para os N\u00edveis III e IV da Certifica\u00e7\u00e3o do Pr\u00f3-Gest\u00e3o \u2013 Manual Vers\u00e3o 3.6, conforme especifica\u00e7\u00f5es, quantidades e exig\u00eancias estabelecidas em Termo de Refer\u00eancia. Tudo em conformidade com o processo n\u00ba 315\/2025.<\/p>\r\n\r\n    <p><span class=\"negrito\">Justificativa:<\/span> Lei Federal n\u00ba 14.133\/2021.<\/p>\r\n\r\n    <p class=\"publicado\">PUBLICADO EM 28 DE ABRIL DE 2025<\/p>\r\n\r\n    <a href=\"https:\/\/www.ipresv.sp.gov.br\/downloads\/licitaoes\/AVISOPLANEJAMENTOESTRATEGICO.pdf\" target=\"_blank\" class=\"botao\">AVISO DE CONTRATA\u00c7\u00c3O<\/a>\r\n    <a href=\"https:\/\/www.ipresv.sp.gov.br\/downloads\/licitaoes\/TRPLANEJAMENTOESTRATEGICO.pdf\" target=\"_blank\" class=\"botao\">INEXIGIBILIDADE<\/a>\r\n  <\/div>\r\n<\/div>\r\n\r\n<\/body>\r\n<\/html>\r\n\t\t\t\t<\/div>\n\t\t\t\t<\/div>\n\t\t\t\t\t<\/div>\n\t\t<\/div>\n\t\t\t\t<div class=\"elementor-column elementor-col-50 elementor-top-column elementor-element elementor-element-dd0dc79\" data-id=\"dd0dc79\" data-element_type=\"column\">\n\t\t\t<div class=\"elementor-widget-wrap elementor-element-populated\">\n\t\t\t\t\t\t<div class=\"elementor-element elementor-element-2a1342d elementor-widget elementor-widget-html\" data-id=\"2a1342d\" data-element_type=\"widget\" data-widget_type=\"html.default\">\n\t\t\t\t<div class=\"elementor-widget-container\">\n\t\t\t\t\t<!DOCTYPE html>\r\n<html lang=\"pt-BR\">\r\n<head>\r\n  <meta charset=\"UTF-8\">\r\n  <title>Aviso de Contrata\u00e7\u00e3o Direta<\/title>\r\n  <style>\r\n    body {\r\n      font-family: Arial, sans-serif;\r\n      background-color: #f4f4f4;\r\n      margin: 0;\r\n      padding: 20px;\r\n      font-size: 14px;\r\n      text-align: justify\r\n    }\r\n\r\n    .container {\r\n      max-width: 1000px;\r\n      margin: 0 auto;\r\n      background: #ffffff;\r\n      border-radius: 8px;\r\n      padding: 20px;\r\n      box-shadow: 0 2px 6px rgba(0,0,0,0.1);\r\n    }\r\n\r\n    .titulo {\r\n      display: flex;\r\n      align-items: center;\r\n      background-color: #d4d4d4;\r\n      padding: 15px;\r\n      border-radius: 8px;\r\n      font-weight: bold;\r\n      font-size: 16px;\r\n    }\r\n\r\n    .titulo img {\r\n      width: 30px;\r\n      margin-right: 10px;\r\n    }\r\n\r\n    .negrito {\r\n      font-weight: bold;\r\n    }\r\n\r\n    .publicado {\r\n      margin-top: 20px;\r\n      font-weight: bold;\r\n      color: #2c3e50;\r\n    }\r\n\r\n    .botao {\r\n      display: inline-block;\r\n      font-size: 12px;\r\n      margin-top: 10px;\r\n      padding: 10px 15px;\r\n      background-color: #2ecc71;\r\n      color: white;\r\n      text-decoration: none;\r\n      border-radius: 8px;\r\n      font-weight: bold;\r\n      margin-right: 10px;\r\n      transition: background-color 0.3s;\r\n    }\r\n\r\n    .botao:hover {\r\n      background-color: #27ae60;\r\n    }\r\n  <\/style>\r\n<\/head>\r\n<body>\r\n\r\n<div class=\"container\">\r\n  <div class=\"titulo\">\r\n    <img decoding=\"async\" src=\"https:\/\/www.ipresv.sp.gov.br\/ipresv\/elementosgraficos\/logoadobetransparente.png\" alt=\"Logo\">\r\n    AVISO INEXIGIBILIDADE DE LICITA\u00c7\u00c3O\r\n  <\/div>\r\n\r\n  <div class=\"conteudo\">\r\n    <p><span class=\"negrito\">Inexigibilidade de Licita\u00e7\u00e3o <\/span> \u2013 Processo Administrativo n\u00ba 286\/2025<\/p>\r\n    <p><span class=\"negrito\">Contratante:<\/span> INSTITUTO DE PREVID\u00caNCIA DOS SERVIDORES MUNICIPAIS DE S\u00c3O VICENTE<\/p>\r\n    <p><span class=\"negrito\">Objeto:<\/span> 21\u00ba Congresso Estadual de Previd\u00eancia, realizado nos dias 23 a 25 de abril de 2025, em Campos do Jord\u00e3o\/SP.<\/p>\r\n\r\n    <p> O Instituto de Previd\u00eancia dos Servidores Municipais de S\u00e3o Vicente\/SP, atrav\u00e9s do seu Superintendente, <b>RATIFICA<\/b> o parecer favor\u00e1vel \u00e0 contrata\u00e7\u00e3o por <b>INEXIGIBILIDADE<\/b> de licita\u00e7\u00e3o a empresa APEPREM - Associa\u00e7\u00e3o Paulista de Entidades de Previd\u00eancia do Estado e dos Munic\u00edpios \u2013 inscrita no CNPJ\/MF sob n.\u00ba 01.144.081\/0001-66, referente a inscri\u00e7\u00e3o dos servidores no 21\u00ba Congresso Estadual de Previd\u00eancia, realizado nos dias 23 a 25 de abril de 2025, em Campos do Jord\u00e3o\/SP, de acordo com o art. 74, inciso III, f, da Lei n\u00ba 14.133\/21. Tudo em conformidade com o processo n\u00ba 286\/2025.<\/p>\r\n\r\n    <p><span class=\"negrito\">Justificativa:<\/span> Lei Federal n\u00ba 14.133\/2021.<\/p>\r\n\r\n    <p class=\"publicado\">PUBLICADO EM 10 DE ABRIL DE 2025<\/p>\r\n\r\n    <a href=\"https:\/\/www.ipresv.sp.gov.br\/downloads\/licitaoes\/AVISOPLANEJAMENTOESTRATEGICO.pdf\" target=\"_blank\" class=\"botao\">AVISO DE INEXIGIBILIDADE<\/a>\r\n      <\/div>\r\n<\/div>\r\n\r\n<\/body>\r\n<\/html>\r\n\t\t\t\t<\/div>\n\t\t\t\t<\/div>\n\t\t\t\t\t<\/div>\n\t\t<\/div>\n\t\t\t\t\t<\/div>\n\t\t<\/section>\n\t\t\t\t<section class=\"elementor-section elementor-top-section elementor-element elementor-element-4fb53022 elementor-section-boxed elementor-section-height-default elementor-section-height-default\" data-id=\"4fb53022\" data-element_type=\"section\" data-settings=\"{&quot;background_background&quot;:&quot;classic&quot;}\">\n\t\t\t\t\t\t\t<div class=\"elementor-background-overlay\"><\/div>\n\t\t\t\t\t\t\t<div class=\"elementor-container elementor-column-gap-default\">\n\t\t\t\t\t<div class=\"elementor-column elementor-col-100 elementor-top-column elementor-element elementor-element-1d80950d\" data-id=\"1d80950d\" data-element_type=\"column\">\n\t\t\t<div class=\"elementor-widget-wrap elementor-element-populated\">\n\t\t\t\t\t\t<div class=\"elementor-element elementor-element-4b93b4be elementor-widget__width-initial elementor-hidden-phone elementor-widget elementor-widget-image\" data-id=\"4b93b4be\" data-element_type=\"widget\" data-widget_type=\"image.default\">\n\t\t\t\t<div class=\"elementor-widget-container\">\n\t\t\t\t\t\t\t\t\t\t\t\t\t\t\t<img loading=\"lazy\" decoding=\"async\" width=\"150\" height=\"101\" src=\"https:\/\/www.ipresv.sp.gov.br\/ipresv\/wp-content\/uploads\/2021\/08\/logo.fw_-1-1-1-150x101.png\" class=\"attachment-thumbnail size-thumbnail wp-image-1990\" alt=\"\" sizes=\"100vw\" \/>\t\t\t\t\t\t\t\t\t\t\t\t\t\t\t<\/div>\n\t\t\t\t<\/div>\n\t\t\t\t<div class=\"elementor-element elementor-element-2bc45bdb elementor-widget-mobile__width-auto elementor-widget elementor-widget-text-editor\" data-id=\"2bc45bdb\" data-element_type=\"widget\" data-widget_type=\"text-editor.default\">\n\t\t\t\t<div class=\"elementor-widget-container\">\n\t\t\t\t\t\t\t\t\t<p>Instituto de Previd\u00eancia dos Servidores Municipais de S\u00e3o Vicente<\/p><p>\u00a9 2025 Todos os direitos reservados Aspectos legais e responsabilidades, Pol\u00edtica de privacidade<\/p><p>Rua Jos\u00e9 Gon\u00e7alves da Mota Junior, 14 &#8211; Vila Valen\u00e7a &#8211; S\u00e3o Vicente\/SP | Telefone: 3466-8213 |\u00a0 Whatsapp: 99770-4866<\/p><p>Hor\u00e1rio de atendimento: Segunda a Sexta das 09:00 \u00e0s 17:00<\/p>\t\t\t\t\t\t\t\t<\/div>\n\t\t\t\t<\/div>\n\t\t\t\t\t<\/div>\n\t\t<\/div>\n\t\t\t\t\t<\/div>\n\t\t<\/section>\n\t\t\t\t<\/div>\n\t\t","protected":false},"excerpt":{"rendered":"<p>Instituto de Previd\u00eancia dos Servidores Municipais de S\u00e3o Vicente Whatsapp Facebook-f Twitter Youtube Instagram MENU Aviso de Contrata\u00e7\u00e3o Direta AVISO INEXIGIBILIDADE DE LICITA\u00c7\u00c3O Inexigibilidade de Licita\u00e7\u00e3o \u2013 Processo Administrativo n\u00ba 378\/2025 Contratante: INSTITUTO DE PREVID\u00caNCIA DOS SERVIDORES MUNICIPAIS DE S\u00c3O VICENTE Objeto: Inscri\u00e7\u00e3o para o 58\u00ba Congresso Nacional, a ser realizado nos dias 25 a &hellip; <\/p>\n<p class=\"link-more\"><a href=\"https:\/\/www.ipresv.sp.gov.br\/ipresv\/licitacoes\/editais\/\" class=\"more-link\">Continue lendo<span class=\"screen-reader-text\"> &#8220;Editais&#8221;<\/span><\/a><\/p>\n","protected":false},"author":1,"featured_media":0,"parent":65,"menu_order":0,"comment_status":"closed","ping_status":"closed","template":"elementor_canvas","meta":{"_links_to":"","_links_to_target":"","footnotes":""},"class_list":["post-416","page","type-page","status-publish","hentry"],"_links":{"self":[{"href":"https:\/\/www.ipresv.sp.gov.br\/ipresv\/wp-json\/wp\/v2\/pages\/416","targetHints":{"allow":["GET"]}}],"collection":[{"href":"https:\/\/www.ipresv.sp.gov.br\/ipresv\/wp-json\/wp\/v2\/pages"}],"about":[{"href":"https:\/\/www.ipresv.sp.gov.br\/ipresv\/wp-json\/wp\/v2\/types\/page"}],"author":[{"embeddable":true,"href":"https:\/\/www.ipresv.sp.gov.br\/ipresv\/wp-json\/wp\/v2\/users\/1"}],"replies":[{"embeddable":true,"href":"https:\/\/www.ipresv.sp.gov.br\/ipresv\/wp-json\/wp\/v2\/comments?post=416"}],"version-history":[{"count":36,"href":"https:\/\/www.ipresv.sp.gov.br\/ipresv\/wp-json\/wp\/v2\/pages\/416\/revisions"}],"predecessor-version":[{"id":4718,"href":"https:\/\/www.ipresv.sp.gov.br\/ipresv\/wp-json\/wp\/v2\/pages\/416\/revisions\/4718"}],"up":[{"embeddable":true,"href":"https:\/\/www.ipresv.sp.gov.br\/ipresv\/wp-json\/wp\/v2\/pages\/65"}],"wp:attachment":[{"href":"https:\/\/www.ipresv.sp.gov.br\/ipresv\/wp-json\/wp\/v2\/media?parent=416"}],"curies":[{"name":"wp","href":"https:\/\/api.w.org\/{rel}","templated":true}]}}